{"id":3,"date":"2020-06-18T11:19:17","date_gmt":"2020-06-18T09:19:17","guid":{"rendered":"https:\/\/sueca13flores.com\/?page_id=3"},"modified":"2022-07-13T11:00:21","modified_gmt":"2022-07-13T09:00:21","slug":"privatlivspolitik","status":"publish","type":"page","link":"https:\/\/sueca13flores.com\/da\/privatlivspolitik\/","title":{"rendered":"Fortrolighedspolitik"},"content":{"rendered":"<p><strong>POLITIK FOR BESKYTTELSE AF PERSONLIGE OPLYSNINGER.<\/strong><\/p>\n\n\n\n<p>Form\u00e5let med denne politik er at informere de registrerede om de forskellige behandlingsaktiviteter, der udf\u00f8res af denne organisation via hjemmesiden, og som p\u00e5virker deres personlige data i overensstemmelse med bestemmelserne i organisk lov 3\/2018 af 5. december om beskyttelse af personoplysninger og garanti for digitale rettigheder og Europa-Parlamentets og R\u00e5dets forordning (EU) 2016\/679 af 27. april 2016.<\/p>\n\n\n\n<ol class=\"wp-block-list\"><li><strong>IDENTIFIKATION OG KONTAKTOPLYSNINGER P\u00c5 DEN ANSVARLIGE PERSON.<\/strong><\/li><\/ol>\n\n\n\n<p>Organisationen FLORISTERIA SUECA 13 , etableret i C\/ SUECA, 13 (46006 VALENCIA) med registreret kontor p\u00e5\u00a0\u00a0<strong>SKATTEIDENTIFIKATIONSNUMMER (N.I.F.)<\/strong>  24464233-F , kontakttelefon: 612 483 363 og e-mail floressueca13@gmail.com<\/p>\n\n\n\n<ul class=\"wp-block-list\"><li><strong>FORM\u00c5L MED BEHANDLINGEN AF DINE PERSONOPLYSNINGER.&nbsp;&nbsp;<\/strong><\/li><li><strong>BRUGERE\/NAVIGAT\u00d8RER AF DEN ANSVARLIGE PARTS HJEMMESIDE.<\/strong><\/li><\/ul>\n\n\n\n<p>Vi vil behandle dine personlige data, der leveres via vores webformularer, for at:<\/p>\n\n\n\n<ul class=\"wp-block-list\"><li>For at h\u00e5ndtere anmodninger, klager og h\u00e6ndelser, der overf\u00f8res via vores kontaktkanaler, der er integreret p\u00e5 webstedet.<\/li><li>At forst\u00e5 surferens adf\u00e6rd p\u00e5 hjemmesiden for at opdage mulige computerangreb p\u00e5 vores hjemmeside.<\/li><li>For at overholde de juridiske forpligtelser, der er direkte g\u00e6ldende for os og regulerer vores aktivitet.<\/li><li>For at beskytte og ud\u00f8ve vores rettigheder eller reagere p\u00e5 krav af enhver art.<\/li><li>Hvor det er relevant, sende kommerciel kommunikation vedr\u00f8rende de varer eller tjenester, der udg\u00f8r vores aktivitet, og\/eller nyheder eller bulletiner relateret til vores sektor.<\/li><li>Administrer og send dig det \u00f8nskede tilbud.<\/li><li>Vi administrerer dine data for at planl\u00e6gge den \u00f8nskede aftale.<\/li><li><strong>KUNDER.<\/strong><\/li><\/ul>\n\n\n\n<p>Vi vil behandle dine personlige data, der leveres via vores webformularer, for at:<\/p>\n\n\n\n<ul class=\"wp-block-list\"><li>H\u00e5ndtering af det kommercielle forhold.<\/li><li>Levering af de tjenester, du har bestilt hos os.<\/li><li>H\u00e5ndtering af forsendelse og modtagelse af det produkt, der er k\u00f8bt via denne hjemmeside.<\/li><li>Administration, regnskab og skatteforvaltning.<\/li><li>For at h\u00e5ndtere anmodninger, klager og h\u00e6ndelser, der overf\u00f8res via vores kontaktkanaler, der er integreret p\u00e5 webstedet.<\/li><li>At forst\u00e5 surferens adf\u00e6rd p\u00e5 hjemmesiden for at opdage mulige computerangreb p\u00e5 vores hjemmeside.<\/li><li>At gennemf\u00f8re lotterier, hvor det er relevant.<\/li><li>Hvor det er relevant, sende kommerciel kommunikation vedr\u00f8rende de varer eller tjenester, der udg\u00f8r vores aktivitet, og\/eller nyheder eller bulletiner relateret til vores sektor.<\/li><li>For at overholde de juridiske forpligtelser, der er direkte g\u00e6ldende for os og regulerer vores aktivitet.<\/li><li>For at beskytte og ud\u00f8ve vores rettigheder eller reagere p\u00e5 krav af enhver art.<\/li><\/ul>\n\n\n\n<p><strong>JURIDISK GRUNDLAG FOR BEHANDLING.<\/strong><\/p>\n\n\n\n<ul class=\"wp-block-list\"><li><strong>BRUGERE\/NAVIGAT\u00d8RER P\u00c5 DEN ANSVARLIGE PARTS HJEMMESIDE.<\/strong><\/li><\/ul>\n\n\n\n<ul class=\"wp-block-list\"><li>I det samtykke, du har givet os til at behandle dine data til de angivne form\u00e5l.<em>&nbsp;Hvis du n\u00e6gter at give dine personlige data, vil det v\u00e6re umuligt at behandle dine data til de ovenn\u00e6vnte form\u00e5l.<\/em><\/li><li>For at overholde de juridiske forpligtelser, der g\u00e6lder for os.&nbsp;<em>I dette tilf\u00e6lde kan den registrerede ikke afvise behandlingen af personoplysninger.<\/em><strong>.<\/strong><\/li><li>I vores legitime interesse i at beskytte vores image, forretning og resultater ved at forhindre angreb p\u00e5 vores hjemmeside.&nbsp;<em>I dette tilf\u00e6lde kan den registrerede ikke afvise behandlingen af personoplysninger.<\/em><strong>,&nbsp;<\/strong><em>men kan, hvor det er relevant, ud\u00f8ve de rettigheder, der anerkendes i afsnit otte i denne politik<\/em><\/li><\/ul>\n\n\n\n<ul class=\"wp-block-list\"><li><strong>KUNDER.<\/strong><\/li><li>Gennemf\u00f8relse af en kontrakt, som den er part i, eller anvendelse af foranstaltninger forud for kontraktindg\u00e5else.&nbsp;<em>Hvis du n\u00e6gter at give dine personlige data, vil det v\u00e6re umuligt at behandle dine data til de ovenn\u00e6vnte form\u00e5l.<\/em><\/li><li>I det samtykke, du har givet os til at behandle dine data til form\u00e5l, der ikke er relateret til udviklingen eller udf\u00f8relsen af den eksisterende kontrakt.&nbsp;<em>Hvis du n\u00e6gter at give dine personlige data, vil det v\u00e6re umuligt at behandle dine data til de ovenn\u00e6vnte form\u00e5l.<\/em><\/li><li>For at overholde de juridiske forpligtelser, der g\u00e6lder for os.&nbsp;<em>I dette tilf\u00e6lde kan den registrerede ikke afvise behandlingen af personoplysninger.<\/em><strong>.<\/strong><\/li><li>I vores legitime interesse i at beskytte vores image, forretning og resultater ved at forhindre angreb p\u00e5 vores hjemmeside.&nbsp;<em>I dette tilf\u00e6lde kan den registrerede ikke afvise behandlingen af personoplysninger.<\/em><strong>,&nbsp;<\/strong><em>men kan, hvor det er relevant, ud\u00f8ve de rettigheder, der anerkendes i afsnit otte i denne politik<\/em><\/li><\/ul>\n\n\n\n<p><strong>TIDSBEGR\u00c6NSNINGER ELLER KRITERIER FOR OPBEVARING AF DATA.<\/strong><\/p>\n\n\n\n<p>De angivne personoplysninger vil blive opbevaret i det tidsrum, der er n\u00f8dvendigt for at opfylde de form\u00e5l, som de oprindeligt blev indsamlet til.<\/p>\n\n\n\n<p>N\u00e5r oplysningerne ikke l\u00e6ngere er n\u00f8dvendige for den p\u00e5g\u00e6ldende behandling, vil de blive beh\u00f8rigt blokeret for i givet fald at stille dem til r\u00e5dighed for de kompetente offentlige administrationer og organer, dommere og domstole eller anklagemyndigheden i overensstemmelse med for\u00e6ldelsesfristen for eventuelle handlinger, der kan opst\u00e5 i forbindelse med det forhold, der opretholdes med kunden, og\/eller de bevarelsesperioder, der er fastsat i loven.<\/p>\n\n\n\n<p><em>Periode for blokering af data:<\/em><\/p>\n\n\n\n<ul class=\"wp-block-list\"><li><strong>DEN CIVILE LOVBOG.<\/strong>&nbsp; Mellem 5 og 15 \u00e5r, afh\u00e6ngigt af sagen, i overensstemmelse med bestemmelserne i artikel 1964.2 i den f\u00f8rn\u00e6vnte lov.<\/li><li><strong>HANDELSLOVEN.&nbsp;<\/strong>I 6 \u00e5r, i overensstemmelse med bestemmelserne i artikel 30 i ovenn\u00e6vnte juridiske organ. Dette g\u00e6lder for kommercielle oplysninger relateret til (udstedte og modtagne fakturaer, kvitteringer, korrigerende fakturaer, bankdokumenter osv.)&nbsp;<\/li><li><strong>DEN GENERELLE SKATTELOVGIVNING.<\/strong>&nbsp;I 4 \u00e5r i overensstemmelse med artikel 66 til 70 i f\u00f8rn\u00e6vnte lovsamling. Det g\u00e6lder for oplysninger relateret til skatteforpligtelser.<\/li><li><strong>AUTOMATISEREDE BESLUTNINGER OG PROFILERING.<\/strong><\/li><\/ul>\n\n\n\n<p>Hjemmesiden tr\u00e6ffer ikke automatiserede beslutninger eller opretter profiler.<\/p>\n\n\n\n<ul class=\"wp-block-list\"><li><strong>M\u00c5LGRUPPE.<\/strong><\/li><\/ul>\n\n\n\n<p>I forbindelse med behandlingen af dine personoplysninger kan organisationen overf\u00f8re dine oplysninger til f\u00f8lgende modtagere:<\/p>\n\n\n\n<ul class=\"wp-block-list\"><li>Dommere og domstole.<\/li><li>Statslige sikkerhedsstyrker og korps.<\/li><li>Andre kompetente offentlige myndigheder eller organer, hvor den dataansvarlige er juridisk forpligtet til at udlevere personoplysningerne.<\/li><\/ul>\n\n\n\n<p>Banker og finansielle institutioner, i tilf\u00e6lde af at du indg\u00e5r en kontrakt med os.<\/p>\n\n\n\n<ul class=\"wp-block-list\"><li><strong>INTERNATIONALE DATAOVERF\u00d8RSLER.<\/strong><\/li><\/ul>\n\n\n\n<p>Organisationen foretager ikke nogen international dataoverf\u00f8rsel.<\/p>\n\n\n\n<ul class=\"wp-block-list\"><li><strong>RETTIGHEDER.<\/strong><\/li><\/ul>\n\n\n\n<p>Interesserede parter kan til enhver tid og gratis ud\u00f8ve rettighederne til&nbsp;<strong>adgang, berigtigelse og sletning samt til at anmode om begr\u00e6nsning af behandlingen af deres personoplysninger, til at g\u00f8re indsigelse mod behandlingen, til at anmode om portabilitet af deres personoplysninger (hvor det er teknisk muligt) eller til at tr\u00e6kke det afgivne samtykke tilbage.<\/strong>og, hvor det er relevant, hvor det er relevant<strong>ikke v\u00e6re genstand for en beslutning, der udelukkende er baseret p\u00e5 automatiseret behandling, herunder profilering.<\/strong>&nbsp;<\/p>\n\n\n\n<p>Til det form\u00e5l kan du bruge de formularer, som organisationen stiller til r\u00e5dighed, eller sende et brev til den postadresse eller e-mailadresse, der er angivet ovenfor. Under alle omst\u00e6ndigheder skal din ans\u00f8gning ledsages af en fotokopi af dit ID-kort eller et tilsvarende dokument for at bevise din identitet.&nbsp;<\/p>\n\n\n\n<p>Hvis du mener, at dine rettigheder vedr\u00f8rende beskyttelse af dine personoplysninger er blevet kr\u00e6nket, is\u00e6r hvis du ikke har f\u00e5et medhold i ud\u00f8velsen af dine rettigheder, kan du indgive en klage til den kompetente tilsynsmyndighed for databeskyttelse.&nbsp;<strong>(Det spanske agentur for databeskyttelse),<\/strong>&nbsp;gennem sin hjemmeside:&nbsp;<a href=\"http:\/\/www.agpd.es\/\">www.agpd.es<\/a>.<\/p>\n\n\n\n<p>I overensstemmelse med bestemmelserne i artikel 21 i lov 34\/2002 om informationssamfundets tjenester og elektronisk handel kan du, hvis du ikke \u00f8nsker at modtage flere oplysninger om vores tjenester, afmelde dig ved at sende en e-mail til floressueca13@gmail.com med emnelinjen&nbsp;&nbsp;<strong>\"<em>LOW\".&nbsp;<\/em><\/strong>eller ved at g\u00f8re&nbsp;<em>klik<\/em>&nbsp;i postkassen *<strong><em>for at afmelde dig<\/em><\/strong>*.<\/p>\n\n\n\n<ul class=\"wp-block-list\"><li><strong>DATAENES RIGTIGHED.<\/strong><\/li><\/ul>\n\n\n\n<p>Den interesserede part garanterer, at de leverede data er sande, n\u00f8jagtige, fuldst\u00e6ndige og opdaterede; forpligter sig til at informere om enhver \u00e6ndring med hensyn til de leverede data gennem de kanaler, der er fastsat til dette form\u00e5l og angivet i punkt 1 i denne politik. Han\/hun er ansvarlig for enhver skade, b\u00e5de direkte og indirekte, der m\u00e5tte opst\u00e5 som f\u00f8lge af manglende overholdelse af denne forpligtelse.<\/p>\n\n\n\n<p>I tilf\u00e6lde af at brugeren leverer data om tredjeparter, erkl\u00e6rer han\/hun, at han\/hun har samtykke fra de interesserede parter og forpligter sig til at give dem de oplysninger, der er indeholdt i denne klausul, hvilket fritager organisationen for ethvert ansvar, der opst\u00e5r som f\u00f8lge af manglende overholdelse af denne forpligtelse.<\/p>\n\n\n\n<p>Sidst revideret: 13 JULI 2022<\/p>\n\n\n\n<p><\/p>\n\n\n\n<h1 class=\"wp-block-heading\">Politik for cookies<\/h1>\n\n\n\n<p>Form\u00e5let med denne politik er at informere interesserede parter om de cookies, der anvendes af dette websted i overensstemmelse med bestemmelserne i lov 34\/2002 af 11. juli om informationssamfundstjenester og elektronisk handel og Europa-Parlamentets og R\u00e5dets forordning (EU) 2016\/679 af 27. april 2016.<\/p>\n\n\n\n<p><strong>1. BRUG AF COOKIES. HVAD ER COOKIES?<\/strong><\/p>\n\n\n\n<p>Cookies er filer, der downloades til din computer, smartphone eller tablet, n\u00e5r du g\u00e5r ind p\u00e5 bestemte hjemmesider. Brugen af cookies giver mange fordele i forbindelse med levering af tjenester i informationssamfundet, da de bl.a: (a) letter brugerens navigation p\u00e5 webstedet; (b) letter brugerens adgang til de forskellige tjenester, der tilbydes af webstedet; (c) forhindrer brugeren i at omkonfigurere foruddefinerede generelle egenskaber, hver gang de f\u00e5r adgang til webstedet; (d) fremmer forbedringen af driften og tjenesterne, der leveres via webstedet, efter den tilsvarende analyse af de oplysninger, der er opn\u00e5et gennem de installerede cookies; (e) giver blandt andet et websted mulighed for at gemme og hente oplysninger om en brugers browservaner eller deres udstyr, og afh\u00e6ngigt af de oplysninger, de indeholder, og den m\u00e5de, de bruger deres udstyr p\u00e5, kan de bruges til at genkende brugeren.<\/p>\n\n\n\n<p>De fleste browsere accepterer cookies som standard, og uafh\u00e6ngigt af dem kan man tillade eller forhindre midlertidige eller lagrede cookies i sikkerhedsindstillingerne.<\/p>\n\n\n\n<p>Bem\u00e6rk, at for at kunne bruge og f\u00e5 en bedre browseroplevelse skal du have cookies aktiveret, is\u00e6r dem af teknisk art, der er n\u00f8dvendige for at identificere dig som registreret bruger, hver gang du g\u00e5r ind p\u00e5 dette websted.<\/p>\n\n\n\n<p>Hvis du ikke \u00f8nsker at modtage cookies, skal du konfigurere din internetbrowser til at slette dem fra din computers harddisk, blokere dem eller advare dig, hvis de er installeret.<\/p>\n\n\n\n<p><strong>2. HVILKE TYPER COOKIES BRUGER DENNE HJEMMESIDE?<\/strong><\/p>\n\n\n\n<p><strong><em>Cookies brugt p\u00e5 denne hjemmeside.<\/em><\/strong><\/p>\n\n\n\n<p>I overensstemmelse med retningslinjerne fra det spanske databeskyttelsesagentur forts\u00e6tter vi med at beskrive brugen af&nbsp;<em>Sm\u00e5kager<\/em>&nbsp;som dette websted bruger, for at give dig s\u00e5 mange oplysninger som muligt. &nbsp;<\/p>\n\n\n\n<p><strong><em>Egenudviklede cookies:<\/em><\/strong><\/p>\n\n\n\n<p>Det er dem, der sendes til brugerens terminaludstyr fra en computer eller et dom\u00e6ne, der administreres af udgiveren selv, og hvorfra den tjeneste, som brugeren har anmodet om, leveres.<\/p>\n\n\n\n<p><strong><em>Tredjepartscookies:<\/em><\/strong><\/p>\n\n\n\n<p>Cookies er dem, der sendes til brugerens terminaludstyr fra en computer eller et dom\u00e6ne, der ikke administreres af redakt\u00f8ren, men af en anden enhed, der behandler de data, der indhentes via cookies.<\/p>\n\n\n\n<p>Nedenfor er en liste over dem, vi bruger:<\/p>\n\n\n\n<figure class=\"wp-block-table is-style-stripes\"><table class=\"has-fixed-layout\"><tbody><tr><td><strong>Navn<\/strong><\/td><td><strong>Type<\/strong><\/td><td><strong>Leverand\u00f8r<\/strong><\/td><td><strong>Form\u00e5l<\/strong><\/td><td><strong>Varighed<\/strong><\/td><\/tr><tr><td>Google Analytics:<br>_ga, _gat, _gid.<\/td><td>Analytiske cookies &nbsp;<\/td><td>Google<\/td><td>De bruges til at analysere brugerens browsingoplevelse og giver os mulighed for at forbedre vores websted for at tilpasse det til deres behov. De forbliver normalt i brugerens browser i en periode, indtil cookies slettes fra browseren, eller den tid, der er defineret for deres eliminering, er udl\u00f8bet. Mere information:&nbsp;<a href=\"https:\/\/support.google.com\/analytics\/answer\/6004245?hl=es\">https:\/\/support.google.com\/analytics\/answer\/6004245?hl=es<\/a>.&nbsp;<strong>Opt-out:&nbsp;<\/strong><a href=\"https:\/\/tools.google.com\/dlpage\/gaoptout\" target=\"_blank\" rel=\"noreferrer noopener\">https:\/\/tools.google.com\/dlpage\/gaoptout<\/a><\/td><td>_ga: 2 \u00e5r;<br>gat: sessionens varighed;<br>gid: 1 dag.<\/td><\/tr><tr><td>&nbsp;<\/td><td>&nbsp;<\/td><td>&nbsp;<\/td><td>&nbsp;<\/td><td>&nbsp;<\/td><\/tr><\/tbody><\/table><\/figure>\n\n\n\n<p>Fernando Javier Quiroz Aranda (Floristeria Sueca 13) er under ingen omst\u00e6ndigheder ansvarlig for indholdet eller rigtigheden af politikker og\/eller betingelser for brug og beskyttelse af personlige oplysninger hos tredjeparter, der er inkluderet via links i denne politik.<\/p>\n\n\n\n<p><strong>3. SAMTYKKE<\/strong><\/p>\n\n\n\n<p>I forbindelse med brugen af cookies p\u00e5 dette websted, som er beskrevet i det foreg\u00e5ende afsnit, giver brugeren tilladelse og samtykke til brugen af dem p\u00e5 f\u00f8lgende m\u00e5de: N\u00e5r brugeren g\u00e5r ind p\u00e5 vores webside, vil han\/hun se en meddelelse om, at der anvendes cookies, og brugeren kan acceptere eller afvise brugen af disse ved at trykke p\u00e5 knappen accept\/accept\u00e9r alle, administrere sine pr\u00e6ferencer gennem konfiguration af panelet og\/eller sin browser. Hvis brugeren ikke trykker p\u00e5 acceptknappen, ikke konfigurerer sin browser eller sit panel og forts\u00e6tter med at surfe p\u00e5 Fernando Javier Quiroz Arandas hjemmeside (Florister\u00eda Sueca 13) ved at bruge dens tjenester, accepterer brugeren brugen af de n\u00f8dvendige cookies p\u00e5 denne hjemmeside.<\/p>\n\n\n\n<p><strong>4. HVORDAN MAN BLOKERER ELLER SLETTER INSTALLEREDE COOKIES<\/strong><\/p>\n\n\n\n<p>Du kan tillade, blokere eller slette cookies, der er installeret p\u00e5 din computer, ved at konfigurere dine browserindstillinger. Du kan finde oplysninger om, hvordan du g\u00f8r dette i forhold til de mest almindelige browsere i nedenst\u00e5ende links:<\/p>\n\n\n\n<p>Explorer:&nbsp;<a href=\"https:\/\/support.microsoft.com\/es-es\/kb\/278835\">https:\/\/support.microsoft.com\/es-es\/kb\/278835<\/a><\/p>\n\n\n\n<p>Microsoft Edge<strong>:&nbsp;<\/strong><a href=\"https:\/\/privacy.microsoft.com\/es-es\/windows-10-microsoft-edge-and-privacy\">https:\/\/privacy.microsoft.com\/es-es\/windows-10-microsoft-edge-and-privacy<\/a><\/p>\n\n\n\n<p>Krom:<a href=\"http:\/\/support.google.com\/chrome\/bin\/answer.py?hl=es&amp;answer=95647\">https:\/\/support.google.com\/chrome\/answer\/95647?co=GENIE.Platform%3DDesktop&amp;hl=esttp:\/\/support.google.com\/chrome\/bin\/answer.py?hl=es&amp;answer=95647<\/a><\/p>\n\n\n\n<p>Firefox:&nbsp;<a href=\"http:\/\/support.mozilla.org\/es\/kb\/Borrar%20cookies\">http:\/\/support.mozilla.org\/es\/kb\/Borrar%20cookies<\/a><\/p>\n\n\n\n<p>Safari:&nbsp;<a href=\"http:\/\/support.apple.com\/kb\/ph5042\">http:\/\/support.apple.com\/kb\/ph5042<\/a>.<\/p>\n\n\n\n<p>Opera:&nbsp;<a href=\"https:\/\/help.opera.com\/en\/latest\/web-preferences\/#cookies\">https:\/\/help.opera.com\/en\/latest\/web-preferences\/#cookies<\/a><\/p>\n\n\n\n<p>Vi informerer dig dog om muligheden for, at deaktivering af en cookie kan forhindre eller vanskeligg\u00f8re browsing eller levering af de tjenester, der tilbydes p\u00e5 webstedet.<\/p>\n\n\n\n<p><strong>4. MODIFIKATIONER<\/strong><\/p>\n\n\n\n<p>Denne cookiepolitik kan \u00e6ndres i henhold til de juridiske krav, der er fastlagt, eller for at tilpasse denne politik til de instruktioner, der er udstedt af det spanske databeskyttelsesagentur.<\/p>\n\n\n\n<p>Derfor r\u00e5der vi brugerne til at bes\u00f8ge vores cookiepolitik med j\u00e6vne mellemrum.<\/p>\n\n\n\n<p>N\u00e5r der sker v\u00e6sentlige \u00e6ndringer i denne politik, vil vi efter bedste evne underrette brugerne om disse \u00e6ndringer ved at l\u00e6gge en meddelelse ud p\u00e5 vores hjemmeside.<\/p>\n\n\n\n<p>Hvis du er i tvivl om denne cookiepolitik, kan du kontakte Fernando Javier Quiroz Aranda (Florister\u00eda Sueca 13) p\u00e5 f\u00f8lgende e-mailadresse: floressueca13@gmail.com<\/p>\n\n\n\n<p>Sidste gennemgang: 13. juli 2022<\/p>\n\n\n\n<p><\/p>\n\n\n\n<p><\/p>","protected":false},"excerpt":{"rendered":"<p>POL\u00cdTICA DE PRIVACIDAD. El objetivo de esta&nbsp;pol\u00edtica es informar a los interesados acerca de los distintos tratamientos realizados por esta organizaci\u00f3n mediante la p\u00e1gina web y que afecten a sus datos personales de conformidad con lo establecido en la Ley Org\u00e1nica 3\/2018, de 5 de diciembre, de Protecci\u00f3n de Datos Personales y garant\u00eda de los &#8230; <a title=\"Fortrolighedspolitik\" class=\"read-more\" href=\"https:\/\/sueca13flores.com\/da\/privatlivspolitik\/\" aria-label=\"Read more about Pol\u00edtica de privacidad\">L\u00e6s mere <\/a><\/p>","protected":false},"author":1,"featured_media":0,"parent":0,"menu_order":0,"comment_status":"closed","ping_status":"closed","template":"","meta":{"footnotes":""},"class_list":["post-3","page","type-page","status-publish"],"_links":{"self":[{"href":"https:\/\/sueca13flores.com\/da\/wp-json\/wp\/v2\/pages\/3","targetHints":{"allow":["GET"]}}],"collection":[{"href":"https:\/\/sueca13flores.com\/da\/wp-json\/wp\/v2\/pages"}],"about":[{"href":"https:\/\/sueca13flores.com\/da\/wp-json\/wp\/v2\/types\/page"}],"author":[{"embeddable":true,"href":"https:\/\/sueca13flores.com\/da\/wp-json\/wp\/v2\/users\/1"}],"replies":[{"embeddable":true,"href":"https:\/\/sueca13flores.com\/da\/wp-json\/wp\/v2\/comments?post=3"}],"version-history":[{"count":5,"href":"https:\/\/sueca13flores.com\/da\/wp-json\/wp\/v2\/pages\/3\/revisions"}],"predecessor-version":[{"id":551,"href":"https:\/\/sueca13flores.com\/da\/wp-json\/wp\/v2\/pages\/3\/revisions\/551"}],"wp:attachment":[{"href":"https:\/\/sueca13flores.com\/da\/wp-json\/wp\/v2\/media?parent=3"}],"curies":[{"name":"wp","href":"https:\/\/api.w.org\/{rel}","templated":true}]}}