{"id":3,"date":"2020-06-18T11:19:17","date_gmt":"2020-06-18T09:19:17","guid":{"rendered":"https:\/\/sueca13flores.com\/?page_id=3"},"modified":"2022-07-13T11:00:21","modified_gmt":"2022-07-13T09:00:21","slug":"privacy-policy","status":"publish","type":"page","link":"https:\/\/sueca13flores.com\/de\/privacy-policy\/","title":{"rendered":"Datenschutzbestimmungen"},"content":{"rendered":"<p><strong>DATENSCHUTZBESTIMMUNGEN.<\/strong><\/p>\n\n\n\n<p>Zweck dieser Richtlinie ist es, die betroffenen Personen \u00fcber die verschiedenen Verarbeitungen zu informieren, die von dieser Organisation \u00fcber die Website durchgef\u00fchrt werden und die ihre personenbezogenen Daten gem\u00e4\u00df den Bestimmungen des Organgesetzes 3\/2018 vom 5. Dezember \u00fcber den Schutz personenbezogener Daten und die Gew\u00e4hrleistung digitaler Rechte sowie der Verordnung (EU) 2016\/679 des Europ\u00e4ischen Parlaments und des Rates vom 27. April 2016 betreffen.<\/p>\n\n\n\n<ol class=\"wp-block-list\"><li><strong>IDENTIFIZIERUNG UND KONTAKTANGABEN DER VERANTWORTLICHEN PERSON.<\/strong><\/li><\/ol>\n\n\n\n<p>Die Organisation FLORISTERIA SUECA 13 mit Sitz in C\/ SUECA, 13 (46006 VALENCIA) und eingetragenem Sitz in\u00a0\u00a0<strong>STEUERIDENTIFIKATIONSNUMMER (N.I.F.)<\/strong>  24464233-F , Kontakttelefon: 612 483 363 und E-Mail floressueca13@gmail.com<\/p>\n\n\n\n<ul class=\"wp-block-list\"><li><strong>DIE ZWECKE DER VERARBEITUNG IHRER PERSONENBEZOGENEN DATEN.&nbsp;&nbsp;<\/strong><\/li><li><strong>NUTZER\/NAVIGATOREN DER WEBSITE DER VERANTWORTLICHEN PARTEI.<\/strong><\/li><\/ul>\n\n\n\n<p>Wir verarbeiten Ihre pers\u00f6nlichen Daten, die Sie uns \u00fcber unsere Webformulare zur Verf\u00fcgung stellen, um:<\/p>\n\n\n\n<ul class=\"wp-block-list\"><li>Zur Bearbeitung von Anfragen, Beschwerden und Vorf\u00e4llen, die \u00fcber unsere in die Website integrierten Kontaktkan\u00e4le \u00fcbermittelt werden.<\/li><li>Um das Verhalten der Surfer auf der Website zu verstehen und m\u00f6gliche Computerangriffe auf unsere Website zu erkennen.<\/li><li>Um den gesetzlichen Verpflichtungen nachzukommen, die unmittelbar auf uns anwendbar sind und unsere T\u00e4tigkeit regeln.<\/li><li>Um unsere Rechte zu sch\u00fctzen und auszu\u00fcben oder auf Anspr\u00fcche jeglicher Art zu reagieren.<\/li><li>Gegebenenfalls Zusendung von kommerziellen Mitteilungen \u00fcber die Waren oder Dienstleistungen, die unsere T\u00e4tigkeit ausmachen, und\/oder von Nachrichten oder Bulletins, die sich auf unseren Sektor beziehen.<\/li><li>Verwaltung und \u00dcbermittlung des angeforderten Angebots.<\/li><li>Wir verwalten Ihre Daten, um den gew\u00fcnschten Termin zu vereinbaren.<\/li><li><strong>KUNDEN.<\/strong><\/li><\/ul>\n\n\n\n<p>Wir verarbeiten Ihre pers\u00f6nlichen Daten, die Sie uns \u00fcber unsere Webformulare zur Verf\u00fcgung stellen, um:<\/p>\n\n\n\n<ul class=\"wp-block-list\"><li>Die Verwaltung der Gesch\u00e4ftsbeziehungen.<\/li><li>Die Erbringung der Dienstleistungen, die Sie bei uns in Auftrag gegeben haben.<\/li><li>Abwicklung des Versands und des Empfangs des \u00fcber diese Website gekauften Produkts.<\/li><li>Verwaltung, Buchhaltung und Steuerverwaltung.<\/li><li>Zur Bearbeitung von Anfragen, Beschwerden und Vorf\u00e4llen, die \u00fcber unsere in die Website integrierten Kontaktkan\u00e4le \u00fcbermittelt werden.<\/li><li>Um das Verhalten der Surfer auf der Website zu verstehen und m\u00f6gliche Computerangriffe auf unsere Website zu erkennen.<\/li><li>Gegebenenfalls die Durchf\u00fchrung von Lotterien.<\/li><li>Gegebenenfalls Zusendung von kommerziellen Mitteilungen \u00fcber die Waren oder Dienstleistungen, die unsere T\u00e4tigkeit ausmachen, und\/oder von Nachrichten oder Bulletins, die sich auf unseren Sektor beziehen.<\/li><li>Um den gesetzlichen Verpflichtungen nachzukommen, die unmittelbar auf uns anwendbar sind und unsere T\u00e4tigkeit regeln.<\/li><li>Um unsere Rechte zu sch\u00fctzen und auszu\u00fcben oder auf Anspr\u00fcche jeglicher Art zu reagieren.<\/li><\/ul>\n\n\n\n<p><strong>RECHTSGRUNDLAGE F\u00dcR DIE VERARBEITUNG.<\/strong><\/p>\n\n\n\n<ul class=\"wp-block-list\"><li><strong>NUTZER\/NAVIGATOREN AUF DER WEBSITE DER VERANTWORTLICHEN PARTEI.<\/strong><\/li><\/ul>\n\n\n\n<ul class=\"wp-block-list\"><li>Mit der Einwilligung haben Sie uns die Erlaubnis erteilt, Ihre Daten f\u00fcr die angegebenen Zwecke zu verarbeiten.<em>&nbsp;Die Verweigerung der Angabe Ihrer personenbezogenen Daten macht eine Verarbeitung Ihrer Daten f\u00fcr die oben genannten Zwecke unm\u00f6glich.<\/em><\/li><li>Um die f\u00fcr uns geltenden gesetzlichen Verpflichtungen zu erf\u00fcllen.&nbsp;<em>In diesem Fall kann die betroffene Person die Verarbeitung der personenbezogenen Daten nicht ablehnen.<\/em><strong>.<\/strong><\/li><li>In unserem berechtigten Interesse, unser Image, unser Gesch\u00e4ft und unsere Erfolgsbilanz zu sch\u00fctzen, indem wir Angriffe auf unsere Website verhindern.&nbsp;<em>In diesem Fall kann die betroffene Person die Verarbeitung der personenbezogenen Daten nicht ablehnen.<\/em><strong>,&nbsp;<\/strong><em>kann aber gegebenenfalls die in Absatz acht dieser Richtlinie anerkannten Rechte aus\u00fcben<\/em><\/li><\/ul>\n\n\n\n<ul class=\"wp-block-list\"><li><strong>KUNDEN.<\/strong><\/li><li>Ausf\u00fchrung eines Vertrags, an dem sie beteiligt ist, oder Anwendung vorvertraglicher Ma\u00dfnahmen.&nbsp;<em>Die Verweigerung der Angabe Ihrer personenbezogenen Daten macht eine Verarbeitung Ihrer Daten f\u00fcr die oben genannten Zwecke unm\u00f6glich.<\/em><\/li><li>In der Einwilligung haben Sie uns die Erlaubnis erteilt, Ihre Daten f\u00fcr Zwecke zu verarbeiten, die nicht mit der Abwicklung oder Durchf\u00fchrung des bestehenden Vertrages zusammenh\u00e4ngen.&nbsp;<em>Die Verweigerung der Angabe Ihrer personenbezogenen Daten macht eine Verarbeitung Ihrer Daten f\u00fcr die oben genannten Zwecke unm\u00f6glich.<\/em><\/li><li>Um die f\u00fcr uns geltenden gesetzlichen Verpflichtungen zu erf\u00fcllen.&nbsp;<em>In diesem Fall kann die betroffene Person die Verarbeitung der personenbezogenen Daten nicht ablehnen.<\/em><strong>.<\/strong><\/li><li>In unserem berechtigten Interesse, unser Image, unser Gesch\u00e4ft und unsere Erfolgsbilanz zu sch\u00fctzen, indem wir Angriffe auf unsere Website verhindern.&nbsp;<em>In diesem Fall kann die betroffene Person die Verarbeitung der personenbezogenen Daten nicht ablehnen.<\/em><strong>,&nbsp;<\/strong><em>kann aber gegebenenfalls die in Absatz acht dieser Richtlinie anerkannten Rechte aus\u00fcben<\/em><\/li><\/ul>\n\n\n\n<p><strong>FRISTEN ODER KRITERIEN F\u00dcR DIE DATENSPEICHERUNG.<\/strong><\/p>\n\n\n\n<p>Die \u00fcbermittelten personenbezogenen Daten werden so lange aufbewahrt, wie es f\u00fcr die Erf\u00fcllung der Zwecke, f\u00fcr die sie urspr\u00fcnglich erhoben wurden, erforderlich ist.<\/p>\n\n\n\n<p>Sobald die Daten f\u00fcr die betreffende Verarbeitung nicht mehr erforderlich sind, werden sie ordnungsgem\u00e4\u00df gesperrt, um sie gegebenenfalls den zust\u00e4ndigen \u00f6ffentlichen Verwaltungen und Einrichtungen, Richtern und Gerichten oder der Staatsanwaltschaft unter Einhaltung der Verj\u00e4hrungsfristen f\u00fcr etwaige Klagen, die sich aus der mit dem Kunden unterhaltenen Beziehung ergeben k\u00f6nnten, und\/oder der gesetzlich vorgesehenen Aufbewahrungsfristen zur Verf\u00fcgung zu stellen.<\/p>\n\n\n\n<p><em>Sperrfrist der Daten:<\/em><\/p>\n\n\n\n<ul class=\"wp-block-list\"><li><strong>DAS ZIVILGESETZBUCH.<\/strong>&nbsp; Zwischen 5 und 15 Jahren, je nach Fall, gem\u00e4\u00df den Bestimmungen von Artikel 1964.2 des genannten Gesetzes.<\/li><li><strong>DAS HANDELSGESETZBUCH.&nbsp;<\/strong>6 Jahre lang, gem\u00e4\u00df den Bestimmungen von Artikel 30 der oben genannten Rechtsvorschrift. Dies gilt f\u00fcr Gesch\u00e4ftsinformationen (ausgestellte und erhaltene Rechnungen, Quittungen, Korrekturrechnungen, Bankunterlagen usw.).&nbsp;<\/li><li><strong>DAS ALLGEMEINE STEUERRECHT.<\/strong>&nbsp;F\u00fcr 4 Jahre gem\u00e4\u00df den Artikeln 66 bis 70 des oben genannten Gesetzestextes. Sie gilt f\u00fcr Informationen im Zusammenhang mit steuerlichen Verpflichtungen.<\/li><li><strong>AUTOMATISIERTE ENTSCHEIDUNGEN UND PROFILING.<\/strong><\/li><\/ul>\n\n\n\n<p>Auf der Website werden keine automatischen Entscheidungen getroffen oder Profile erstellt.<\/p>\n\n\n\n<ul class=\"wp-block-list\"><li><strong>ZIELPUBLIKUM.<\/strong><\/li><\/ul>\n\n\n\n<p>F\u00fcr die Dauer der Verarbeitung Ihrer personenbezogenen Daten kann die Organisation Ihre Daten an die folgenden Empf\u00e4nger \u00fcbermitteln:<\/p>\n\n\n\n<ul class=\"wp-block-list\"><li>Richter und Gerichte.<\/li><li>Staatliche Sicherheitskr\u00e4fte und Korps.<\/li><li>Andere zust\u00e4ndige Beh\u00f6rden oder Einrichtungen, wenn der f\u00fcr die Verarbeitung Verantwortliche gesetzlich verpflichtet ist, die personenbezogenen Daten bereitzustellen.<\/li><\/ul>\n\n\n\n<p>Banken und Finanzinstitute, falls Sie uns beauftragen.<\/p>\n\n\n\n<ul class=\"wp-block-list\"><li><strong>INTERNATIONALE DATEN\u00dcBERTRAGUNGEN.<\/strong><\/li><\/ul>\n\n\n\n<p>Die Organisation f\u00fchrt keinen internationalen Datentransfer durch.<\/p>\n\n\n\n<ul class=\"wp-block-list\"><li><strong>RECHTE.<\/strong><\/li><\/ul>\n\n\n\n<p>Interessierte Parteien k\u00f6nnen jederzeit und kostenlos ihre Rechte aus\u00fcben&nbsp;<strong>Zugang, Berichtigung und L\u00f6schung sowie die Einschr\u00e4nkung der Verarbeitung ihrer personenbezogenen Daten zu verlangen, der Verarbeitung zu widersprechen, die \u00dcbertragbarkeit ihrer personenbezogenen Daten (soweit technisch m\u00f6glich) zu verlangen oder die erteilte Einwilligung zu widerrufen.<\/strong>und gegebenenfalls, falls zutreffend<strong>nicht einer Entscheidung unterworfen werden, die ausschlie\u00dflich auf einer automatisierten Verarbeitung, einschlie\u00dflich Profiling, beruht.<\/strong>&nbsp;<\/p>\n\n\n\n<p>Dazu k\u00f6nnen Sie die von der Organisation bereitgestellten Formulare verwenden oder ein Schreiben an die oben genannte Postanschrift oder E-Mail-Adresse senden. In jedem Fall muss Ihrem Antrag eine Fotokopie Ihres Personalausweises oder eines gleichwertigen Dokuments beigef\u00fcgt werden, um Ihre Identit\u00e4t nachzuweisen.&nbsp;<\/p>\n\n\n\n<p>Wenn Sie der Meinung sind, dass Ihre Rechte in Bezug auf den Schutz Ihrer personenbezogenen Daten verletzt wurden, insbesondere wenn Sie bei der Aus\u00fcbung Ihrer Rechte keine Genugtuung erhalten haben, k\u00f6nnen Sie eine Beschwerde bei der zust\u00e4ndigen Datenschutzaufsichtsbeh\u00f6rde einreichen.&nbsp;<strong>(Spanische Datenschutzbeh\u00f6rde),<\/strong>&nbsp;\u00fcber seine Website:&nbsp;<a href=\"http:\/\/www.agpd.es\/\">www.agpd.es<\/a>.<\/p>\n\n\n\n<p>Gem\u00e4\u00df den Bestimmungen des Artikels 21 des Gesetzes 34\/2002 \u00fcber die Dienste der Informationsgesellschaft und den elektronischen Gesch\u00e4ftsverkehr k\u00f6nnen Sie, wenn Sie keine weiteren Informationen \u00fcber unsere Dienste erhalten m\u00f6chten, diese abbestellen, indem Sie eine E-Mail an floressueca13@gmail.com mit dem Betreff&nbsp;&nbsp;<strong>\"<em>NIEDRIG\".&nbsp;<\/em><\/strong>oder durch das Tun&nbsp;<em>anklicken.<\/em>&nbsp;im Briefkasten *<strong><em>zum Abbestellen<\/em><\/strong>*.<\/p>\n\n\n\n<ul class=\"wp-block-list\"><li><strong>WAHRHAFTIGKEIT DER DATEN.<\/strong><\/li><\/ul>\n\n\n\n<p>Der Interessent garantiert, dass die bereitgestellten Daten wahrheitsgetreu, genau, vollst\u00e4ndig und auf dem neuesten Stand sind; er verpflichtet sich, jede \u00c4nderung der bereitgestellten Daten \u00fcber die zu diesem Zweck vorgesehenen und in Punkt 1 der vorliegenden Richtlinie genannten Kan\u00e4le mitzuteilen. Er haftet f\u00fcr alle direkten und indirekten Sch\u00e4den, die sich aus der Nichteinhaltung dieser Verpflichtung ergeben k\u00f6nnen.<\/p>\n\n\n\n<p>F\u00fcr den Fall, dass der Nutzer Daten Dritter zur Verf\u00fcgung stellt, erkl\u00e4rt er, dass er das Einverst\u00e4ndnis der Betroffenen hat und verpflichtet sich, ihnen die in dieser Klausel enthaltenen Informationen zur Verf\u00fcgung zu stellen, wobei er die Organisation von jeglicher Haftung freistellt, die sich aus der Nichteinhaltung dieser Verpflichtung ergibt.<\/p>\n\n\n\n<p>Letzte \u00c4nderung: 13 JULY 2022<\/p>\n\n\n\n<p><\/p>\n\n\n\n<h1 class=\"wp-block-heading\">Cookies-Politik<\/h1>\n\n\n\n<p>Zweck dieser Richtlinie ist es, interessierte Parteien \u00fcber die von dieser Website verwendeten Cookies gem\u00e4\u00df den Bestimmungen des Gesetzes 34\/2002 vom 11. Juli \u00fcber die Dienste der Informationsgesellschaft und den elektronischen Handel sowie der Verordnung (EU) 2016\/679 des Europ\u00e4ischen Parlaments und des Rates vom 27. April 2016 zu informieren.<\/p>\n\n\n\n<p><strong>1. VERWENDUNG VON COOKIES. WAS SIND COOKIES?<\/strong><\/p>\n\n\n\n<p>Cookies sind Dateien, die auf Ihren Computer, Ihr Smartphone oder Tablet heruntergeladen werden, wenn Sie auf bestimmte Websites zugreifen. Die Verwendung von Cookies bietet zahlreiche Vorteile bei der Bereitstellung von Diensten der Informationsgesellschaft, da sie u. a: (a) die Navigation des Benutzers auf der Website erleichtert; (b) den Zugang des Benutzers zu den verschiedenen von der Website angebotenen Diensten erleichtert; (c) den Benutzer daran hindert, bei jedem Zugriff auf die Website die vordefinierten allgemeinen Merkmale neu zu konfigurieren; (d) die Verbesserung der Funktionsweise und der \u00fcber die Website angebotenen Dienste durch die entsprechende Analyse der durch die installierten Cookies erhaltenen Informationen beg\u00fcnstigt; (e) erlauben es einer Website unter anderem, Informationen \u00fcber die Surfgewohnheiten eines Nutzers oder seines Ger\u00e4ts zu speichern und abzurufen, und je nach den enthaltenen Informationen und der Art und Weise, wie er sein Ger\u00e4t benutzt, k\u00f6nnen sie zur Wiedererkennung des Nutzers verwendet werden.<\/p>\n\n\n\n<p>Die meisten Browser akzeptieren Cookies standardm\u00e4\u00dfig und erlauben oder verhindern unabh\u00e4ngig davon in den Sicherheitseinstellungen tempor\u00e4re oder gespeicherte Cookies.<\/p>\n\n\n\n<p>Bitte beachten Sie, dass Sie f\u00fcr die Nutzung und ein besseres Surferlebnis Cookies zulassen m\u00fcssen, insbesondere solche technischer Art, die notwendig sind, um Sie bei jedem Zugriff auf diese Website als registrierten Benutzer zu identifizieren.<\/p>\n\n\n\n<p>Wenn Sie keine Cookies erhalten m\u00f6chten, konfigurieren Sie bitte Ihren Internet-Browser so, dass er sie von der Festplatte Ihres Computers l\u00f6scht, sie blockiert oder Sie warnt, wenn sie installiert sind.<\/p>\n\n\n\n<p><strong>2. WELCHE ARTEN VON COOKIES WERDEN AUF DIESER WEBSITE VERWENDET?<\/strong><\/p>\n\n\n\n<p><strong><em>Auf dieser Website verwendete Cookies.<\/em><\/strong><\/p>\n\n\n\n<p>In \u00dcbereinstimmung mit den Richtlinien der spanischen Datenschutzbeh\u00f6rde gehen wir im Folgenden auf die Verwendung der&nbsp;<em>Cookies<\/em>&nbsp;die diese Website verwendet, um Ihnen so viele Informationen wie m\u00f6glich zur Verf\u00fcgung zu stellen. &nbsp;<\/p>\n\n\n\n<p><strong><em>Propriet\u00e4re Cookies:<\/em><\/strong><\/p>\n\n\n\n<p>Diese werden von einem Computer oder einer Dom\u00e4ne, die vom Herausgeber selbst verwaltet wird und von der aus der vom Nutzer gew\u00fcnschte Dienst erbracht wird, an das Endger\u00e4t des Nutzers gesendet.<\/p>\n\n\n\n<p><strong><em>Cookies von Dritten:<\/em><\/strong><\/p>\n\n\n\n<p>Es handelt sich um Cookies, die von einem Computer oder einer Dom\u00e4ne, die nicht vom Herausgeber verwaltet wird, sondern von einer anderen Einheit, die die durch die Cookies erhaltenen Daten verarbeitet, an das Endger\u00e4t des Benutzers gesendet werden.<\/p>\n\n\n\n<p>Nachfolgend finden Sie eine Liste der von uns verwendeten Programme:<\/p>\n\n\n\n<figure class=\"wp-block-table is-style-stripes\"><table class=\"has-fixed-layout\"><tbody><tr><td><strong>Name<\/strong><\/td><td><strong>Typ<\/strong><\/td><td><strong>Anbieter<\/strong><\/td><td><strong>Zweck<\/strong><\/td><td><strong>Dauer<\/strong><\/td><\/tr><tr><td>Google Analytics:<br>_ga, _gat, _gid.<\/td><td>Analytische Cookies &nbsp;<\/td><td>Google<\/td><td>Sie werden verwendet, um das Surfverhalten der Nutzer zu analysieren, und erm\u00f6glichen es uns, unsere Website zu verbessern, um sie an ihre Bed\u00fcrfnisse anzupassen. Sie verbleiben in der Regel f\u00fcr einen bestimmten Zeitraum im Browser des Nutzers, bis die Cookies aus dem Browser gel\u00f6scht werden oder die f\u00fcr ihre Beseitigung festgelegte Zeit abgelaufen ist. Mehr Informationen:&nbsp;<a href=\"https:\/\/support.google.com\/analytics\/answer\/6004245?hl=es\">https:\/\/support.google.com\/analytics\/answer\/6004245?hl=es<\/a>.&nbsp;<strong>Opt-out:&nbsp;<\/strong><a href=\"https:\/\/tools.google.com\/dlpage\/gaoptout\" target=\"_blank\" rel=\"noreferrer noopener\">https:\/\/tools.google.com\/dlpage\/gaoptout<\/a><\/td><td>_ga: 2 Jahre;<br>gat: Dauer der Sitzung;<br>gid: 1 Tag.<\/td><\/tr><tr><td>&nbsp;<\/td><td>&nbsp;<\/td><td>&nbsp;<\/td><td>&nbsp;<\/td><td>&nbsp;<\/td><\/tr><\/tbody><\/table><\/figure>\n\n\n\n<p>Fernando Javier Quiroz Aranda (Floristeria Sueca 13) ist nicht verantwortlich, in jedem Fall weder f\u00fcr den Inhalt noch f\u00fcr die Richtigkeit der Politik und \/ oder Bedingungen f\u00fcr die Nutzung und den Schutz der Privatsph\u00e4re von Dritten enthalten, durch Links, in dieser Politik.<\/p>\n\n\n\n<p><strong>3. ZUSTIMMUNG<\/strong><\/p>\n\n\n\n<p>In Bezug auf die im vorhergehenden Abschnitt beschriebene Verwendung von Cookies auf dieser Website genehmigt der Nutzer deren Verwendung auf folgende Weise und stimmt ihr zu: Wenn der Nutzer auf unsere Website zugreift, sieht er einen Hinweis auf die Verwendung von Cookies und kann deren Verwendung akzeptieren oder ablehnen, indem er auf die Schaltfl\u00e4che Akzeptieren\/Alles akzeptieren dr\u00fcckt oder seine Pr\u00e4ferenzen \u00fcber die Konfiguration des Panels und\/oder seines Browsers verwaltet. Wenn der Nutzer nicht auf die Schaltfl\u00e4che Akzeptieren dr\u00fcckt, seinen Browser oder sein Panel nicht konfiguriert und weiterhin auf der Website von Fernando Javier Quiroz Aranda (Florister\u00eda Sueca 13) surft und deren Dienste nutzt, akzeptiert der Nutzer die Verwendung der notwendigen Cookies auf dieser Website.<\/p>\n\n\n\n<p><strong>4. WIE SIE INSTALLIERTE COOKIES BLOCKIEREN ODER L\u00d6SCHEN K\u00d6NNEN<\/strong><\/p>\n\n\n\n<p>Sie k\u00f6nnen die auf Ihrem Computer installierten Cookies zulassen, blockieren oder l\u00f6schen, indem Sie die Optionen Ihres Browsers konfigurieren. Unter den nachstehenden Links finden Sie Informationen zu den g\u00e4ngigsten Browsern, wie Sie dies tun k\u00f6nnen:<\/p>\n\n\n\n<p>Forscher:&nbsp;<a href=\"https:\/\/support.microsoft.com\/es-es\/kb\/278835\">https:\/\/support.microsoft.com\/es-es\/kb\/278835<\/a><\/p>\n\n\n\n<p>Microsoft Edge<strong>:&nbsp;<\/strong><a href=\"https:\/\/privacy.microsoft.com\/es-es\/windows-10-microsoft-edge-and-privacy\">https:\/\/privacy.microsoft.com\/es-es\/windows-10-microsoft-edge-and-privacy<\/a><\/p>\n\n\n\n<p>Chrom:<a href=\"http:\/\/support.google.com\/chrome\/bin\/answer.py?hl=es&amp;answer=95647\">https:\/\/support.google.com\/chrome\/answer\/95647?co=GENIE.Platform%3DDesktop&amp;hl=esttp:\/\/support.google.com\/chrome\/bin\/answer.py?hl=es&amp;answer=95647<\/a><\/p>\n\n\n\n<p>Firefox:&nbsp;<a href=\"http:\/\/support.mozilla.org\/es\/kb\/Borrar%20cookies\">http:\/\/support.mozilla.org\/es\/kb\/Borrar%20cookies<\/a><\/p>\n\n\n\n<p>Safari:&nbsp;<a href=\"http:\/\/support.apple.com\/kb\/ph5042\">http:\/\/support.apple.com\/kb\/ph5042<\/a>.<\/p>\n\n\n\n<p>Oper:&nbsp;<a href=\"https:\/\/help.opera.com\/en\/latest\/web-preferences\/#cookies\">https:\/\/help.opera.com\/en\/latest\/web-preferences\/#cookies<\/a><\/p>\n\n\n\n<p>Wir weisen Sie jedoch auf die M\u00f6glichkeit hin, dass die Deaktivierung eines Cookies das Surfen oder die Bereitstellung der auf der Website angebotenen Dienste verhindern oder behindern kann.<\/p>\n\n\n\n<p><strong>4. VER\u00c4NDERUNGEN<\/strong><\/p>\n\n\n\n<p>Die vorliegende Cookie-Politik kann entsprechend den gesetzlichen Bestimmungen oder zur Anpassung an die von der spanischen Datenschutzbeh\u00f6rde herausgegebenen Anweisungen ge\u00e4ndert werden.<\/p>\n\n\n\n<p>Aus diesem Grund empfehlen wir den Nutzern, regelm\u00e4\u00dfig unsere Cookie-Richtlinie zu lesen.<\/p>\n\n\n\n<p>Bei wesentlichen \u00c4nderungen dieser Richtlinie werden wir die Nutzer nach bestem Wissen und Gewissen \u00fcber diese \u00c4nderungen informieren, indem wir einen Hinweis auf unserer Website ver\u00f6ffentlichen.<\/p>\n\n\n\n<p>Sollten Sie Fragen zu dieser Cookie-Richtlinie haben, k\u00f6nnen Sie sich an Fernando Javier Quiroz Aranda (Florister\u00eda Sueca 13) unter der folgenden E-Mail-Adresse wenden: floressueca13@gmail.com<\/p>\n\n\n\n<p>Letzte \u00dcberpr\u00fcfung: 13. Juli 2022<\/p>\n\n\n\n<p><\/p>\n\n\n\n<p><\/p>","protected":false},"excerpt":{"rendered":"<p>POL\u00cdTICA DE PRIVACIDAD. El objetivo de esta&nbsp;pol\u00edtica es informar a los interesados acerca de los distintos tratamientos realizados por esta organizaci\u00f3n mediante la p\u00e1gina web y que afecten a sus datos personales de conformidad con lo establecido en la Ley Org\u00e1nica 3\/2018, de 5 de diciembre, de Protecci\u00f3n de Datos Personales y garant\u00eda de los &#8230; <a title=\"Datenschutzbestimmungen\" class=\"read-more\" href=\"https:\/\/sueca13flores.com\/de\/privacy-policy\/\" aria-label=\"Mehr Informationen \u00fcber Pol\u00edtica de privacidad\">Weiterlesen<\/a><\/p>","protected":false},"author":1,"featured_media":0,"parent":0,"menu_order":0,"comment_status":"closed","ping_status":"closed","template":"","meta":{"footnotes":""},"class_list":["post-3","page","type-page","status-publish"],"_links":{"self":[{"href":"https:\/\/sueca13flores.com\/de\/wp-json\/wp\/v2\/pages\/3","targetHints":{"allow":["GET"]}}],"collection":[{"href":"https:\/\/sueca13flores.com\/de\/wp-json\/wp\/v2\/pages"}],"about":[{"href":"https:\/\/sueca13flores.com\/de\/wp-json\/wp\/v2\/types\/page"}],"author":[{"embeddable":true,"href":"https:\/\/sueca13flores.com\/de\/wp-json\/wp\/v2\/users\/1"}],"replies":[{"embeddable":true,"href":"https:\/\/sueca13flores.com\/de\/wp-json\/wp\/v2\/comments?post=3"}],"version-history":[{"count":5,"href":"https:\/\/sueca13flores.com\/de\/wp-json\/wp\/v2\/pages\/3\/revisions"}],"predecessor-version":[{"id":551,"href":"https:\/\/sueca13flores.com\/de\/wp-json\/wp\/v2\/pages\/3\/revisions\/551"}],"wp:attachment":[{"href":"https:\/\/sueca13flores.com\/de\/wp-json\/wp\/v2\/media?parent=3"}],"curies":[{"name":"wp","href":"https:\/\/api.w.org\/{rel}","templated":true}]}}