{"id":3,"date":"2020-06-18T11:19:17","date_gmt":"2020-06-18T09:19:17","guid":{"rendered":"https:\/\/sueca13flores.com\/?page_id=3"},"modified":"2022-07-13T11:00:21","modified_gmt":"2022-07-13T09:00:21","slug":"politique-de-confidentialite","status":"publish","type":"page","link":"https:\/\/sueca13flores.com\/fr\/politique-de-confidentialite\/","title":{"rendered":"Politique de confidentialit\u00e9"},"content":{"rendered":"<p><strong>POLITIQUE DE CONFIDENTIALIT\u00c9.<\/strong><\/p>\n\n\n\n<p>L'objectif de cette politique est d'informer les personnes concern\u00e9es des diff\u00e9rents traitements effectu\u00e9s par cette organisation \u00e0 travers le site web et qui affectent leurs donn\u00e9es personnelles conform\u00e9ment aux dispositions de la loi organique 3\/2018, du 5 d\u00e9cembre, sur la protection des donn\u00e9es personnelles et la garantie des droits num\u00e9riques et du r\u00e8glement (UE) 2016\/679 du Parlement europ\u00e9en et du Conseil du 27 avril 2016.<\/p>\n\n\n\n<ol class=\"wp-block-list\"><li><strong>L'IDENTIFICATION ET LES COORDONN\u00c9ES DE LA PERSONNE RESPONSABLE.<\/strong><\/li><\/ol>\n\n\n\n<p>L'organisation FLORISTERIA SUECA 13 , \u00e9tablie \u00e0 C\/ SUECA, 13 (46006 VALENCIA) avec si\u00e8ge social \u00e0\u00a0\u00a0<strong>NUM\u00c9RO D'IDENTIFICATION FISCALE (N.I.F.)<\/strong>  24464233-F , t\u00e9l\u00e9phone de contact : 612 483 363 et courriel floressueca13@gmail.com<\/p>\n\n\n\n<ul class=\"wp-block-list\"><li><strong>LES FINALIT\u00c9S DU TRAITEMENT DE VOS DONN\u00c9ES PERSONNELLES.&nbsp;&nbsp;<\/strong><\/li><li><strong>LES UTILISATEURS\/NAVIGATEURS DU SITE WEB DE LA PARTIE RESPONSABLE.<\/strong><\/li><\/ul>\n\n\n\n<p>Nous traiterons les donn\u00e9es personnelles que vous nous fournissez par le biais de nos formulaires en ligne afin de :<\/p>\n\n\n\n<ul class=\"wp-block-list\"><li>Pour traiter les demandes, les plaintes et les incidents transmis par l'interm\u00e9diaire de nos canaux de contact incorpor\u00e9s dans le site web.<\/li><li>Comprendre le comportement de l'internaute sur le site web afin de d\u00e9tecter d'\u00e9ventuelles attaques informatiques sur notre site web.<\/li><li>Respecter les obligations l\u00e9gales qui nous sont directement applicables et qui r\u00e9gissent notre activit\u00e9.<\/li><li>Prot\u00e9ger et exercer nos droits ou r\u00e9pondre \u00e0 des r\u00e9clamations de toute nature.<\/li><li>Le cas \u00e9ch\u00e9ant, envoi de communications commerciales relatives aux biens ou services qui composent notre activit\u00e9, et\/ou de nouvelles ou bulletins li\u00e9s \u00e0 notre secteur.<\/li><li>G\u00e9rer et vous envoyer le devis demand\u00e9.<\/li><li>Nous g\u00e9rons vos donn\u00e9es afin de planifier le rendez-vous demand\u00e9.<\/li><li><strong>CLIENTS.<\/strong><\/li><\/ul>\n\n\n\n<p>Nous traiterons les donn\u00e9es personnelles que vous nous fournissez par le biais de nos formulaires en ligne afin de :<\/p>\n\n\n\n<ul class=\"wp-block-list\"><li>La gestion de la relation commerciale.<\/li><li>La fourniture des services que vous avez contract\u00e9s aupr\u00e8s de nous.<\/li><li>Traitement de l'exp\u00e9dition et de la r\u00e9ception du produit achet\u00e9 sur ce site web.<\/li><li>Gestion administrative, comptable et fiscale.<\/li><li>Pour traiter les demandes, les plaintes et les incidents transmis par l'interm\u00e9diaire de nos canaux de contact incorpor\u00e9s dans le site web.<\/li><li>Comprendre le comportement de l'internaute sur le site web afin de d\u00e9tecter d'\u00e9ventuelles attaques informatiques sur notre site web.<\/li><li>Le cas \u00e9ch\u00e9ant, organiser des loteries.<\/li><li>Le cas \u00e9ch\u00e9ant, envoi de communications commerciales relatives aux biens ou services qui composent notre activit\u00e9, et\/ou de nouvelles ou bulletins li\u00e9s \u00e0 notre secteur.<\/li><li>Respecter les obligations l\u00e9gales qui nous sont directement applicables et qui r\u00e9gissent notre activit\u00e9.<\/li><li>Prot\u00e9ger et exercer nos droits ou r\u00e9pondre \u00e0 des r\u00e9clamations de toute nature.<\/li><\/ul>\n\n\n\n<p><strong>BASE JURIDIQUE DU TRAITEMENT.<\/strong><\/p>\n\n\n\n<ul class=\"wp-block-list\"><li><strong>LES UTILISATEURS\/NAVIGATEURS SUR LE SITE WEB DE LA PARTIE RESPONSABLE.<\/strong><\/li><\/ul>\n\n\n\n<ul class=\"wp-block-list\"><li>Dans le consentement que vous nous avez donn\u00e9 pour traiter vos donn\u00e9es aux fins indiqu\u00e9es.<em>&nbsp;Le refus de fournir vos donn\u00e9es personnelles rendra impossible le traitement de vos donn\u00e9es aux fins susmentionn\u00e9es.<\/em><\/li><li>Respecter les obligations l\u00e9gales qui s'appliquent \u00e0 nous.&nbsp;<em>Dans ce cas, la personne concern\u00e9e ne peut pas refuser le traitement des donn\u00e9es \u00e0 caract\u00e8re personnel.<\/em><strong>.<\/strong><\/li><li>Dans notre int\u00e9r\u00eat l\u00e9gitime \u00e0 prot\u00e9ger notre image, nos activit\u00e9s et nos r\u00e9sultats en pr\u00e9venant les attaques sur notre site web.&nbsp;<em>Dans ce cas, la personne concern\u00e9e ne peut pas refuser le traitement des donn\u00e9es \u00e0 caract\u00e8re personnel.<\/em><strong>,&nbsp;<\/strong><em>mais peuvent exercer, le cas \u00e9ch\u00e9ant, les droits reconnus au paragraphe 8 de la pr\u00e9sente politique<\/em><\/li><\/ul>\n\n\n\n<ul class=\"wp-block-list\"><li><strong>CLIENTS.<\/strong><\/li><li>Ex\u00e9cution d'un contrat auquel elle est partie ou application de mesures pr\u00e9contractuelles.&nbsp;<em>Le refus de fournir vos donn\u00e9es personnelles rendra impossible le traitement de vos donn\u00e9es aux fins susmentionn\u00e9es.<\/em><\/li><li>Dans le consentement que vous nous avez donn\u00e9 pour traiter vos donn\u00e9es \u00e0 des fins non li\u00e9es au d\u00e9veloppement ou \u00e0 l'ex\u00e9cution du contrat existant.&nbsp;<em>Le refus de fournir vos donn\u00e9es personnelles rendra impossible le traitement de vos donn\u00e9es aux fins susmentionn\u00e9es.<\/em><\/li><li>Respecter les obligations l\u00e9gales qui s'appliquent \u00e0 nous.&nbsp;<em>Dans ce cas, la personne concern\u00e9e ne peut pas refuser le traitement des donn\u00e9es \u00e0 caract\u00e8re personnel.<\/em><strong>.<\/strong><\/li><li>Dans notre int\u00e9r\u00eat l\u00e9gitime \u00e0 prot\u00e9ger notre image, nos activit\u00e9s et nos r\u00e9sultats en pr\u00e9venant les attaques sur notre site web.&nbsp;<em>Dans ce cas, la personne concern\u00e9e ne peut pas refuser le traitement des donn\u00e9es \u00e0 caract\u00e8re personnel.<\/em><strong>,&nbsp;<\/strong><em>mais peuvent exercer, le cas \u00e9ch\u00e9ant, les droits reconnus au paragraphe 8 de la pr\u00e9sente politique<\/em><\/li><\/ul>\n\n\n\n<p><strong>LES D\u00c9LAIS OU LES CRIT\u00c8RES DE CONSERVATION DES DONN\u00c9ES.<\/strong><\/p>\n\n\n\n<p>Les donn\u00e9es personnelles fournies seront conserv\u00e9es pendant la dur\u00e9e n\u00e9cessaire \u00e0 la r\u00e9alisation des objectifs pour lesquels elles ont \u00e9t\u00e9 collect\u00e9es \u00e0 l'origine.<\/p>\n\n\n\n<p>Une fois que les donn\u00e9es ne sont plus n\u00e9cessaires au traitement en question, elles seront d\u00fbment bloqu\u00e9es afin de les mettre, le cas \u00e9ch\u00e9ant, \u00e0 la disposition des administrations et organismes publics comp\u00e9tents, des juges et tribunaux ou du minist\u00e8re public, conform\u00e9ment aux d\u00e9lais de prescription des actions pouvant d\u00e9couler de la relation entretenue avec le client et\/ou aux d\u00e9lais de conservation pr\u00e9vus par la loi.<\/p>\n\n\n\n<p><em>P\u00e9riode de blocage des donn\u00e9es :<\/em><\/p>\n\n\n\n<ul class=\"wp-block-list\"><li><strong>LE CODE CIVIL.<\/strong>&nbsp; Entre 5 et 15 ans, selon les cas, conform\u00e9ment aux dispositions de l'article 1964.2 de la loi pr\u00e9cit\u00e9e.<\/li><li><strong>LE CODE DU COMMERCE.&nbsp;<\/strong>Pendant 6 ans, conform\u00e9ment aux dispositions de l'article 30 de la loi pr\u00e9cit\u00e9e. Il s'agit des informations commerciales relatives aux (factures \u00e9mises et re\u00e7ues, re\u00e7us, factures rectificatives, documents bancaires, etc.)&nbsp;<\/li><li><strong>LE DROIT FISCAL G\u00c9N\u00c9RAL.<\/strong>&nbsp;Pendant 4 ans, conform\u00e9ment aux articles 66 \u00e0 70 du corps de loi susmentionn\u00e9. Elle s'applique aux informations relatives aux obligations fiscales.<\/li><li><strong>LES D\u00c9CISIONS AUTOMATIS\u00c9ES ET LE PROFILAGE.<\/strong><\/li><\/ul>\n\n\n\n<p>Le site web ne prend pas de d\u00e9cisions automatis\u00e9es et ne cr\u00e9e pas de profils.<\/p>\n\n\n\n<ul class=\"wp-block-list\"><li><strong>PUBLIC CIBLE.<\/strong><\/li><\/ul>\n\n\n\n<p>Pendant la dur\u00e9e du traitement de vos donn\u00e9es personnelles, l'organisation peut transf\u00e9rer vos donn\u00e9es aux destinataires suivants :<\/p>\n\n\n\n<ul class=\"wp-block-list\"><li>Juges et tribunaux.<\/li><li>Forces et corps de s\u00e9curit\u00e9 de l'\u00c9tat.<\/li><li>d'autres autorit\u00e9s ou organismes publics comp\u00e9tents, lorsque le responsable du traitement est l\u00e9galement tenu de fournir les donn\u00e9es \u00e0 caract\u00e8re personnel.<\/li><\/ul>\n\n\n\n<p>les banques et les institutions financi\u00e8res, dans le cas o\u00f9 vous passez un contrat avec nous.<\/p>\n\n\n\n<ul class=\"wp-block-list\"><li><strong>LES TRANSFERTS INTERNATIONAUX DE DONN\u00c9ES.<\/strong><\/li><\/ul>\n\n\n\n<p>L'organisation n'effectue aucun transfert international de donn\u00e9es.<\/p>\n\n\n\n<ul class=\"wp-block-list\"><li><strong>DROITS.<\/strong><\/li><\/ul>\n\n\n\n<p>Les parties int\u00e9ress\u00e9es peuvent exercer \u00e0 tout moment et gratuitement les droits de&nbsp;<strong>d'acc\u00e8s, de rectification et d'effacement, ainsi que de demander la limitation du traitement de leurs donn\u00e9es \u00e0 caract\u00e8re personnel, de s'opposer au traitement, de demander la portabilit\u00e9 de leurs donn\u00e9es \u00e0 caract\u00e8re personnel (lorsque cela est techniquement possible) ou de retirer le consentement qu'ils ont donn\u00e9.<\/strong>et, le cas \u00e9ch\u00e9ant, le cas \u00e9ch\u00e9ant<strong>ne pas faire l'objet d'une d\u00e9cision fond\u00e9e exclusivement sur un traitement automatis\u00e9, y compris le profilage.<\/strong>&nbsp;<\/p>\n\n\n\n<p>Pour ce faire, vous pouvez utiliser les formulaires fournis par l'organisation ou envoyer une lettre \u00e0 l'adresse postale ou \u00e9lectronique indiqu\u00e9e ci-dessus. Dans tous les cas, votre demande doit \u00eatre accompagn\u00e9e d'une photocopie de votre carte d'identit\u00e9 ou d'un document \u00e9quivalent, afin de prouver votre identit\u00e9.&nbsp;<\/p>\n\n\n\n<p>Si vous estimez que vos droits concernant la protection de vos donn\u00e9es personnelles ont \u00e9t\u00e9 viol\u00e9s, en particulier lorsque vous n'avez pas obtenu satisfaction dans l'exercice de vos droits, vous pouvez introduire une plainte aupr\u00e8s de l'autorit\u00e9 de contr\u00f4le de la protection des donn\u00e9es comp\u00e9tente.&nbsp;<strong>(Agence espagnole de protection des donn\u00e9es),<\/strong>&nbsp;par l'interm\u00e9diaire de son site web :&nbsp;<a href=\"http:\/\/www.agpd.es\/\">www.agpd.es<\/a>.<\/p>\n\n\n\n<p>Conform\u00e9ment aux dispositions de l'article 21 de la loi 34\/2002 sur les services de la soci\u00e9t\u00e9 de l'information et le commerce \u00e9lectronique, si vous ne souhaitez plus recevoir d'informations sur nos services, vous pouvez vous d\u00e9sabonner en envoyant un courrier \u00e9lectronique \u00e0 floressueca13@gmail.com, avec pour objet&nbsp;&nbsp;<strong>\"<em>LOW\".&nbsp;<\/em><\/strong>ou en faisant&nbsp;<em>cliquer<\/em>&nbsp;dans la bo\u00eete aux lettres *<strong><em>pour se d\u00e9sinscrire<\/em><\/strong>*.<\/p>\n\n\n\n<ul class=\"wp-block-list\"><li><strong>LA V\u00c9RACIT\u00c9 DES DONN\u00c9ES.<\/strong><\/li><\/ul>\n\n\n\n<p>L'int\u00e9ress\u00e9 garantit que les donn\u00e9es fournies sont vraies, exactes, compl\u00e8tes et \u00e0 jour ; il s'engage \u00e0 informer de tout changement concernant les donn\u00e9es fournies, par le biais des canaux pr\u00e9vus \u00e0 cet effet et indiqu\u00e9s au point 1 de la pr\u00e9sente politique. Il est responsable de tout dommage ou pr\u00e9judice, direct ou indirect, qui pourrait r\u00e9sulter du non-respect de cette obligation.<\/p>\n\n\n\n<p>Dans le cas o\u00f9 l'utilisateur fournit des donn\u00e9es de tiers, il d\u00e9clare avoir le consentement des int\u00e9ress\u00e9s et s'engage \u00e0 leur fournir les informations contenues dans la pr\u00e9sente clause, en exon\u00e9rant l'organisation de toute responsabilit\u00e9 d\u00e9coulant du non-respect de cette obligation.<\/p>\n\n\n\n<p>Derni\u00e8re r\u00e9vision : 13 JUILLET 2022<\/p>\n\n\n\n<p><\/p>\n\n\n\n<h1 class=\"wp-block-heading\">Politique en mati\u00e8re de cookies<\/h1>\n\n\n\n<p>L'objectif de cette politique est d'informer les parties int\u00e9ress\u00e9es sur les cookies utilis\u00e9s par ce site Web, conform\u00e9ment aux dispositions de la loi 34\/2002, du 11 juillet, sur les services de la soci\u00e9t\u00e9 de l'information et le commerce \u00e9lectronique, et du r\u00e8glement (UE) 2016\/679 du Parlement europ\u00e9en et du Conseil du 27 avril 2016.<\/p>\n\n\n\n<p><strong>1. UTILISATION DES COOKIES. QU'EST-CE QU'UN COOKIE ?<\/strong><\/p>\n\n\n\n<p>Les cookies sont des fichiers qui sont t\u00e9l\u00e9charg\u00e9s sur votre ordinateur, votre smartphone ou votre tablette lorsque vous acc\u00e9dez \u00e0 certains sites web. L'utilisation de cookies offre de nombreux avantages dans la prestation de services de la soci\u00e9t\u00e9 de l'information, car, entre autres : (a) facilite la navigation de l'utilisateur sur le Site Web ; (b) facilite l'acc\u00e8s de l'utilisateur aux diff\u00e9rents services offerts par le Site Web ; (c) \u00e9vite \u00e0 l'utilisateur de reconfigurer des caract\u00e9ristiques g\u00e9n\u00e9rales pr\u00e9d\u00e9finies \u00e0 chaque fois qu'il acc\u00e8de au Site Web ; (d) favorise l'am\u00e9lioration du fonctionnement et des services fournis \u00e0 travers le Site Web, suite \u00e0 l'analyse correspondante des informations obtenues \u00e0 travers les cookies install\u00e9s ; (e) permettent \u00e0 un site Web, entre autres, de stocker et de r\u00e9cup\u00e9rer des informations sur les habitudes de navigation d'un utilisateur ou de son \u00e9quipement et, en fonction des informations qu'ils contiennent et de la fa\u00e7on dont il utilise son \u00e9quipement, ils peuvent \u00eatre utilis\u00e9s pour reconna\u00eetre l'utilisateur.<\/p>\n\n\n\n<p>La plupart des navigateurs acceptent les cookies en standard et, ind\u00e9pendamment d'eux, autorisent ou emp\u00eachent les cookies temporaires ou stock\u00e9s dans les param\u00e8tres de s\u00e9curit\u00e9.<\/p>\n\n\n\n<p>Veuillez noter que pour utiliser et avoir une meilleure exp\u00e9rience de navigation, vous devez activer les cookies, en particulier ceux de nature technique qui sont n\u00e9cessaires pour vous identifier en tant qu'utilisateur enregistr\u00e9 chaque fois que vous acc\u00e9dez \u00e0 ce site web.<\/p>\n\n\n\n<p>Si vous ne souhaitez pas recevoir de cookies, veuillez configurer votre navigateur Internet de mani\u00e8re \u00e0 ce qu'il les efface du disque dur de votre ordinateur, qu'il les bloque ou qu'il vous avertisse s'ils sont install\u00e9s.<\/p>\n\n\n\n<p><strong>2. QUELS SONT LES TYPES DE COOKIES UTILIS\u00c9S PAR CE SITE WEB ?<\/strong><\/p>\n\n\n\n<p><strong><em>Cookies utilis\u00e9s sur ce site.<\/em><\/strong><\/p>\n\n\n\n<p>Conform\u00e9ment aux directives de l'Agence espagnole de protection des donn\u00e9es, nous d\u00e9taillons l'utilisation de la base de donn\u00e9es.&nbsp;<em>biscuits<\/em>&nbsp;que ce site utilise, afin de vous fournir le plus d'informations possible. &nbsp;<\/p>\n\n\n\n<p><strong><em>Cookies propri\u00e9taires :<\/em><\/strong><\/p>\n\n\n\n<p>Ce sont celles qui sont envoy\u00e9es \u00e0 l'\u00e9quipement terminal de l'utilisateur \u00e0 partir d'un ordinateur ou d'un domaine g\u00e9r\u00e9 par l'\u00e9diteur lui-m\u00eame et \u00e0 partir duquel le service demand\u00e9 par l'utilisateur est fourni.<\/p>\n\n\n\n<p><strong><em>Cookies de tiers :<\/em><\/strong><\/p>\n\n\n\n<p>Les cookies sont ceux qui sont envoy\u00e9s \u00e0 l'\u00e9quipement terminal de l'utilisateur \u00e0 partir d'un ordinateur ou d'un domaine qui n'est pas g\u00e9r\u00e9 par l'\u00e9diteur, mais par une autre entit\u00e9 qui traite les donn\u00e9es obtenues par le biais des cookies.<\/p>\n\n\n\n<p>Voici la liste de ceux que nous utilisons :<\/p>\n\n\n\n<figure class=\"wp-block-table is-style-stripes\"><table class=\"has-fixed-layout\"><tbody><tr><td><strong>Nom<\/strong><\/td><td><strong>Type<\/strong><\/td><td><strong>Fournisseur<\/strong><\/td><td><strong>Objectif<\/strong><\/td><td><strong>La dur\u00e9e<\/strong><\/td><\/tr><tr><td>Google Analytics :<br>_ga, _gat, _gid.<\/td><td>Cookies analytiques &nbsp;<\/td><td>Google<\/td><td>Ils sont utilis\u00e9s pour analyser l'exp\u00e9rience de navigation de l'utilisateur et nous permettent d'am\u00e9liorer notre site web afin de l'adapter \u00e0 ses besoins. Ils restent normalement dans le navigateur de l'utilisateur pendant un certain temps, jusqu'\u00e0 ce que les cookies soient supprim\u00e9s du navigateur ou que le d\u00e9lai d\u00e9fini pour leur \u00e9limination soit \u00e9coul\u00e9. Pour plus d'informations :&nbsp;<a href=\"https:\/\/support.google.com\/analytics\/answer\/6004245?hl=es\">https:\/\/support.google.com\/analytics\/answer\/6004245?hl=es<\/a>.&nbsp;<strong>Opt-Out :&nbsp;<\/strong><a href=\"https:\/\/tools.google.com\/dlpage\/gaoptout\" target=\"_blank\" rel=\"noreferrer noopener\">https:\/\/tools.google.com\/dlpage\/gaoptout<\/a><\/td><td>_ga : 2 ans ;<br>gat : dur\u00e9e de la session ;<br>gid : 1 jour.<\/td><\/tr><tr><td>&nbsp;<\/td><td>&nbsp;<\/td><td>&nbsp;<\/td><td>&nbsp;<\/td><td>&nbsp;<\/td><\/tr><\/tbody><\/table><\/figure>\n\n\n\n<p>Fernando Javier Quiroz Aranda (Floristeria Sueca 13) n'est en aucun cas responsable du contenu ni de la v\u00e9racit\u00e9 des politiques et\/ou des conditions d'utilisation et de confidentialit\u00e9 des tiers inclus, par le biais de liens, dans cette politique.<\/p>\n\n\n\n<p><strong>3. CONSENTEMENT<\/strong><\/p>\n\n\n\n<p>En ce qui concerne l'utilisation des cookies sur ce site Web d\u00e9crite dans la section pr\u00e9c\u00e9dente, l'utilisateur autorise et consent \u00e0 leur utilisation de la mani\u00e8re suivante : Lorsque l'utilisateur acc\u00e8de \u00e0 notre page web, il verra un avis indiquant que des cookies sont utilis\u00e9s, et l'utilisateur peut accepter ou refuser l'utilisation de ceux-ci en appuyant sur le bouton accepter\/accepter tout, g\u00e9rer ses pr\u00e9f\u00e9rences par le biais de la configuration du panneau et\/ou de son navigateur. Si l'utilisateur n'appuie pas sur le bouton d'acceptation, ne configure pas son navigateur ou son panneau et continue \u00e0 naviguer sur le site Web de Fernando Javier Quiroz Aranda (Florister\u00eda Sueca 13) en utilisant ses services, l'utilisateur accepte l'utilisation des cookies n\u00e9cessaires sur ce site Web.<\/p>\n\n\n\n<p><strong>4. COMMENT BLOQUER OU SUPPRIMER LES COOKIES INSTALL\u00c9S<\/strong><\/p>\n\n\n\n<p>Vous pouvez autoriser, bloquer ou supprimer les cookies install\u00e9s sur votre ordinateur en configurant les options de votre navigateur. Vous trouverez des informations sur la mani\u00e8re de proc\u00e9der, en fonction des navigateurs les plus courants, dans les liens ci-dessous :<\/p>\n\n\n\n<p>Explorateur :&nbsp;<a href=\"https:\/\/support.microsoft.com\/es-es\/kb\/278835\">https:\/\/support.microsoft.com\/es-es\/kb\/278835<\/a><\/p>\n\n\n\n<p>Microsoft Edge<strong>:&nbsp;<\/strong><a href=\"https:\/\/privacy.microsoft.com\/es-es\/windows-10-microsoft-edge-and-privacy\">https:\/\/privacy.microsoft.com\/es-es\/windows-10-microsoft-edge-and-privacy<\/a><\/p>\n\n\n\n<p>Chrome :<a href=\"http:\/\/support.google.com\/chrome\/bin\/answer.py?hl=es&amp;answer=95647\">https:\/\/support.google.com\/chrome\/answer\/95647?co=GENIE.Platform%3DDesktop&amp;hl=esttp:\/\/support.google.com\/chrome\/bin\/answer.py?hl=es&amp;answer=95647<\/a><\/p>\n\n\n\n<p>Firefox :&nbsp;<a href=\"http:\/\/support.mozilla.org\/es\/kb\/Borrar%20cookies\">http:\/\/support.mozilla.org\/es\/kb\/Borrar%20cookies<\/a><\/p>\n\n\n\n<p>Safari :&nbsp;<a href=\"http:\/\/support.apple.com\/kb\/ph5042\">http:\/\/support.apple.com\/kb\/ph5042<\/a>.<\/p>\n\n\n\n<p>Op\u00e9ra :&nbsp;<a href=\"https:\/\/help.opera.com\/en\/latest\/web-preferences\/#cookies\">https:\/\/help.opera.com\/en\/latest\/web-preferences\/#cookies<\/a><\/p>\n\n\n\n<p>Nous vous informons toutefois de la possibilit\u00e9 que la d\u00e9sactivation d'un cookie puisse emp\u00eacher ou g\u00eaner la navigation ou la fourniture des services offerts sur le site.<\/p>\n\n\n\n<p><strong>4. MODIFICATIONS<\/strong><\/p>\n\n\n\n<p>Cette politique en mati\u00e8re de cookies peut \u00eatre modifi\u00e9e en fonction des exigences l\u00e9gales \u00e9tablies ou afin d'adapter cette politique aux instructions \u00e9mises par l'Agence espagnole de protection des donn\u00e9es.<\/p>\n\n\n\n<p>C'est pourquoi nous conseillons aux utilisateurs de consulter r\u00e9guli\u00e8rement notre politique en mati\u00e8re de cookies.<\/p>\n\n\n\n<p>Lorsque des changements importants sont apport\u00e9s \u00e0 cette politique, nous en informons, dans la mesure du possible, les utilisateurs en publiant un avis sur notre site web.<\/p>\n\n\n\n<p>Si vous avez des doutes concernant cette politique en mati\u00e8re de cookies, vous pouvez contacter Fernando Javier Quiroz Aranda (Florister\u00eda Sueca 13) \u00e0 l'adresse \u00e9lectronique suivante : floressueca13@gmail.com.<\/p>\n\n\n\n<p>Derni\u00e8re r\u00e9vision : 13 juillet 2022<\/p>\n\n\n\n<p><\/p>\n\n\n\n<p><\/p>","protected":false},"excerpt":{"rendered":"<p>POL\u00cdTICA DE PRIVACIDAD. El objetivo de esta&nbsp;pol\u00edtica es informar a los interesados acerca de los distintos tratamientos realizados por esta organizaci\u00f3n mediante la p\u00e1gina web y que afecten a sus datos personales de conformidad con lo establecido en la Ley Org\u00e1nica 3\/2018, de 5 de diciembre, de Protecci\u00f3n de Datos Personales y garant\u00eda de los &#8230; <a title=\"Politique de confidentialit\u00e9\" class=\"read-more\" href=\"https:\/\/sueca13flores.com\/fr\/politique-de-confidentialite\/\" aria-label=\"En savoir plus sur Pol\u00edtica de privacidad\">Lire la suite<\/a><\/p>","protected":false},"author":1,"featured_media":0,"parent":0,"menu_order":0,"comment_status":"closed","ping_status":"closed","template":"","meta":{"footnotes":""},"class_list":["post-3","page","type-page","status-publish"],"_links":{"self":[{"href":"https:\/\/sueca13flores.com\/fr\/wp-json\/wp\/v2\/pages\/3","targetHints":{"allow":["GET"]}}],"collection":[{"href":"https:\/\/sueca13flores.com\/fr\/wp-json\/wp\/v2\/pages"}],"about":[{"href":"https:\/\/sueca13flores.com\/fr\/wp-json\/wp\/v2\/types\/page"}],"author":[{"embeddable":true,"href":"https:\/\/sueca13flores.com\/fr\/wp-json\/wp\/v2\/users\/1"}],"replies":[{"embeddable":true,"href":"https:\/\/sueca13flores.com\/fr\/wp-json\/wp\/v2\/comments?post=3"}],"version-history":[{"count":5,"href":"https:\/\/sueca13flores.com\/fr\/wp-json\/wp\/v2\/pages\/3\/revisions"}],"predecessor-version":[{"id":551,"href":"https:\/\/sueca13flores.com\/fr\/wp-json\/wp\/v2\/pages\/3\/revisions\/551"}],"wp:attachment":[{"href":"https:\/\/sueca13flores.com\/fr\/wp-json\/wp\/v2\/media?parent=3"}],"curies":[{"name":"wp","href":"https:\/\/api.w.org\/{rel}","templated":true}]}}