{"id":3,"date":"2020-06-18T11:19:17","date_gmt":"2020-06-18T09:19:17","guid":{"rendered":"https:\/\/sueca13flores.com\/?page_id=3"},"modified":"2022-07-13T11:00:21","modified_gmt":"2022-07-13T09:00:21","slug":"policy-for-skydd-av-privatlivet","status":"publish","type":"page","link":"https:\/\/sueca13flores.com\/sv\/policy-for-skydd-av-privatlivet\/","title":{"rendered":"Integritetspolicy"},"content":{"rendered":"<p><strong>SEKRETESSPOLICY.<\/strong><\/p>\n\n\n\n<p>Syftet med denna policy \u00e4r att informera de registrerade om de olika behandlingar som utf\u00f6rs av denna organisation via webbplatsen och som p\u00e5verkar deras personuppgifter i enlighet med best\u00e4mmelserna i den organiska lagen 3\/2018 av den 5 december om skydd av personuppgifter och garanti f\u00f6r digitala r\u00e4ttigheter och Europaparlamentets och r\u00e5dets f\u00f6rordning (EU) 2016\/679 av den 27 april 2016.<\/p>\n\n\n\n<ol class=\"wp-block-list\"><li><strong>IDENTIFIKATIONS- OCH KONTAKTUPPGIFTER F\u00d6R DEN ANSVARIGA PERSONEN.<\/strong><\/li><\/ol>\n\n\n\n<p>Organisationen FLORISTERIA SUECA 13 , etablerad i C\/ SUECA, 13 (46006 VALENCIA) med s\u00e4te p\u00e5\u00a0\u00a0<strong>SKATTEREGISTRERINGSNUMMER (N.I.F.)<\/strong>  24464233-F , kontakttelefon: 612 483 363 och e-post floressueca13@gmail.com<\/p>\n\n\n\n<ul class=\"wp-block-list\"><li><strong>\u00c4NDAM\u00c5LEN MED BEHANDLINGEN AV DINA PERSONUPPGIFTER.&nbsp;&nbsp;<\/strong><\/li><li><strong>ANV\u00c4NDARE\/NAVIGAT\u00d6RER AV DEN ANSVARIGA PARTENS WEBBPLATS.<\/strong><\/li><\/ul>\n\n\n\n<p>Vi kommer att behandla dina personuppgifter som tillhandah\u00e5lls via v\u00e5ra webbformul\u00e4r i syfte att:<\/p>\n\n\n\n<ul class=\"wp-block-list\"><li>F\u00f6r att hantera f\u00f6rfr\u00e5gningar, klagom\u00e5l och incidenter som \u00f6verf\u00f6rs via v\u00e5ra kontaktkanaler som ing\u00e5r i webbplatsen.<\/li><li>F\u00f6r att f\u00f6rst\u00e5 surfarens beteende p\u00e5 webbplatsen i syfte att uppt\u00e4cka eventuella datorattacker p\u00e5 v\u00e5r webbplats.<\/li><li>F\u00f6r att uppfylla de r\u00e4ttsliga skyldigheter som \u00e4r direkt till\u00e4mpliga p\u00e5 oss och som reglerar v\u00e5r verksamhet.<\/li><li>F\u00f6r att skydda och ut\u00f6va v\u00e5ra r\u00e4ttigheter eller svara p\u00e5 anspr\u00e5k av n\u00e5got slag.<\/li><li>I f\u00f6rekommande fall, skicka kommersiella meddelanden som r\u00f6r de varor eller tj\u00e4nster som ing\u00e5r i v\u00e5r verksamhet och\/eller nyheter eller bulletiner som r\u00f6r v\u00e5r sektor.<\/li><li>Hantera och skicka den beg\u00e4rda offerten till dig.<\/li><li>Vi hanterar dina uppgifter f\u00f6r att boka den beg\u00e4rda tiden.<\/li><li><strong>KUNDER.<\/strong><\/li><\/ul>\n\n\n\n<p>Vi kommer att behandla dina personuppgifter som tillhandah\u00e5lls via v\u00e5ra webbformul\u00e4r i syfte att:<\/p>\n\n\n\n<ul class=\"wp-block-list\"><li>Hantering av den kommersiella relationen.<\/li><li>Tillhandah\u00e5llande av de tj\u00e4nster som du har best\u00e4llt av oss.<\/li><li>Hantering av leverans och mottagande av den produkt som k\u00f6pts via denna webbplats.<\/li><li>Administration, redovisning och skattehantering.<\/li><li>F\u00f6r att hantera f\u00f6rfr\u00e5gningar, klagom\u00e5l och incidenter som \u00f6verf\u00f6rs via v\u00e5ra kontaktkanaler som ing\u00e5r i webbplatsen.<\/li><li>F\u00f6r att f\u00f6rst\u00e5 surfarens beteende p\u00e5 webbplatsen i syfte att uppt\u00e4cka eventuella datorattacker p\u00e5 v\u00e5r webbplats.<\/li><li>Att i f\u00f6rekommande fall genomf\u00f6ra lotterier.<\/li><li>I f\u00f6rekommande fall, skicka kommersiella meddelanden som r\u00f6r de varor eller tj\u00e4nster som ing\u00e5r i v\u00e5r verksamhet och\/eller nyheter eller bulletiner som r\u00f6r v\u00e5r sektor.<\/li><li>F\u00f6r att uppfylla de r\u00e4ttsliga skyldigheter som \u00e4r direkt till\u00e4mpliga p\u00e5 oss och som reglerar v\u00e5r verksamhet.<\/li><li>F\u00f6r att skydda och ut\u00f6va v\u00e5ra r\u00e4ttigheter eller svara p\u00e5 anspr\u00e5k av n\u00e5got slag.<\/li><\/ul>\n\n\n\n<p><strong>R\u00c4TTSLIG GRUND F\u00d6R BEHANDLINGEN.<\/strong><\/p>\n\n\n\n<ul class=\"wp-block-list\"><li><strong>ANV\u00c4NDARE\/NAVIGAT\u00d6RER P\u00c5 DEN ANSVARIGA PARTENS WEBBPLATS.<\/strong><\/li><\/ul>\n\n\n\n<ul class=\"wp-block-list\"><li>I det samtycke som du har gett oss f\u00f6r att behandla dina uppgifter f\u00f6r de angivna \u00e4ndam\u00e5len.<em>&nbsp;Om du v\u00e4grar att l\u00e4mna dina personuppgifter kommer det att bli om\u00f6jligt att behandla dina uppgifter f\u00f6r ovann\u00e4mnda \u00e4ndam\u00e5l.<\/em><\/li><li>F\u00f6r att uppfylla de r\u00e4ttsliga skyldigheter som g\u00e4ller f\u00f6r oss.&nbsp;<em>I s\u00e5 fall f\u00e5r den registrerade inte v\u00e4gra att behandla personuppgifterna.<\/em><strong>.<\/strong><\/li><li>I v\u00e5rt ber\u00e4ttigade intresse att skydda v\u00e5r image, verksamhet och meritlista genom att f\u00f6rhindra attacker p\u00e5 v\u00e5r webbplats.&nbsp;<em>I s\u00e5 fall f\u00e5r den registrerade inte v\u00e4gra att behandla personuppgifterna.<\/em><strong>,&nbsp;<\/strong><em>men kan, n\u00e4r s\u00e5 \u00e4r l\u00e4mpligt, ut\u00f6va de r\u00e4ttigheter som erk\u00e4nns i punkt \u00e5tta i denna policy<\/em><\/li><\/ul>\n\n\n\n<ul class=\"wp-block-list\"><li><strong>KUNDER.<\/strong><\/li><li>Fullg\u00f6rande av ett avtal i vilket den \u00e4r part eller till\u00e4mpning av \u00e5tg\u00e4rder f\u00f6re avtalets ing\u00e5ende.&nbsp;<em>Om du v\u00e4grar att l\u00e4mna dina personuppgifter kommer det att bli om\u00f6jligt att behandla dina uppgifter f\u00f6r ovann\u00e4mnda \u00e4ndam\u00e5l.<\/em><\/li><li>I det samtycke du har gett oss f\u00f6r att behandla dina uppgifter f\u00f6r \u00e4ndam\u00e5l som inte \u00e4r relaterade till utvecklingen eller genomf\u00f6randet av det befintliga kontraktet.&nbsp;<em>Om du v\u00e4grar att l\u00e4mna dina personuppgifter kommer det att bli om\u00f6jligt att behandla dina uppgifter f\u00f6r ovann\u00e4mnda \u00e4ndam\u00e5l.<\/em><\/li><li>F\u00f6r att uppfylla de r\u00e4ttsliga skyldigheter som g\u00e4ller f\u00f6r oss.&nbsp;<em>I s\u00e5 fall f\u00e5r den registrerade inte v\u00e4gra att behandla personuppgifterna.<\/em><strong>.<\/strong><\/li><li>I v\u00e5rt ber\u00e4ttigade intresse att skydda v\u00e5r image, verksamhet och meritlista genom att f\u00f6rhindra attacker p\u00e5 v\u00e5r webbplats.&nbsp;<em>I s\u00e5 fall f\u00e5r den registrerade inte v\u00e4gra att behandla personuppgifterna.<\/em><strong>,&nbsp;<\/strong><em>men kan, n\u00e4r s\u00e5 \u00e4r l\u00e4mpligt, ut\u00f6va de r\u00e4ttigheter som erk\u00e4nns i punkt \u00e5tta i denna policy<\/em><\/li><\/ul>\n\n\n\n<p><strong>TIDSGR\u00c4NSER ELLER KRITERIER F\u00d6R LAGRING AV UPPGIFTER.<\/strong><\/p>\n\n\n\n<p>De personuppgifter som l\u00e4mnas kommer att sparas under den tid som \u00e4r n\u00f6dv\u00e4ndig f\u00f6r att uppfylla de syften f\u00f6r vilka de ursprungligen samlades in.<\/p>\n\n\n\n<p>N\u00e4r uppgifterna inte l\u00e4ngre \u00e4r n\u00f6dv\u00e4ndiga f\u00f6r behandlingen i fr\u00e5ga kommer de att h\u00e5llas vederb\u00f6rligen blockerade f\u00f6r att, i f\u00f6rekommande fall, g\u00f6ra dem tillg\u00e4ngliga f\u00f6r beh\u00f6riga offentliga f\u00f6rvaltningar och organ, domare och domstolar eller \u00e5klagarmyndigheten, i enlighet med preskriptionstiden f\u00f6r eventuella \u00e5tg\u00e4rder som kan uppst\u00e5 till f\u00f6ljd av den relation som uppr\u00e4tth\u00e5lls med kunden och\/eller de bevarandeperioder som f\u00f6reskrivs i lag.<\/p>\n\n\n\n<p><em>Period f\u00f6r blockering av data:<\/em><\/p>\n\n\n\n<ul class=\"wp-block-list\"><li><strong>CIVILR\u00c4TTSLIG LAGSTIFTNING.<\/strong>&nbsp; Mellan 5 och 15 \u00e5r, beroende p\u00e5 fallet, i enlighet med best\u00e4mmelserna i artikel 1964.2 i ovann\u00e4mnda lag.<\/li><li><strong>DEN KOMMERSIELLA KODEN.&nbsp;<\/strong>I 6 \u00e5r, i enlighet med best\u00e4mmelserna i artikel 30 i ovann\u00e4mnda r\u00e4ttsakt. Detta g\u00e4ller kommersiell information som r\u00f6r (utf\u00e4rdade och mottagna fakturor, kvitton, korrigeringsfakturor, bankdokument etc.).&nbsp;<\/li><li><strong>DEN ALLM\u00c4NNA SKATTELAGSTIFTNINGEN.<\/strong>&nbsp;I 4 \u00e5r i enlighet med artiklarna 66-70 i ovann\u00e4mnda lagrum. Det g\u00e4ller information som r\u00f6r skattef\u00f6rpliktelser.<\/li><li><strong>AUTOMATISERADE BESLUT OCH PROFILERING.<\/strong><\/li><\/ul>\n\n\n\n<p>Webbplatsen fattar inga automatiserade beslut och skapar inga profiler.<\/p>\n\n\n\n<ul class=\"wp-block-list\"><li><strong>M\u00c5LGRUPP.<\/strong><\/li><\/ul>\n\n\n\n<p>Under den tid som dina personuppgifter behandlas kan organisationen komma att \u00f6verf\u00f6ra dina uppgifter till f\u00f6ljande mottagare:<\/p>\n\n\n\n<ul class=\"wp-block-list\"><li>Domare och domstolar.<\/li><li>Statliga s\u00e4kerhetsstyrkor och s\u00e4kerhetsk\u00e5rer.<\/li><li>Andra beh\u00f6riga offentliga myndigheter eller organ, om den personuppgiftsansvarige har en r\u00e4ttslig skyldighet att l\u00e4mna ut personuppgifterna.<\/li><\/ul>\n\n\n\n<p>Banker och finansinstitut, i h\u00e4ndelse av att du ing\u00e5r avtal med oss.<\/p>\n\n\n\n<ul class=\"wp-block-list\"><li><strong>INTERNATIONELLA DATA\u00d6VERF\u00d6RINGAR.<\/strong><\/li><\/ul>\n\n\n\n<p>Organisationen utf\u00f6r inte n\u00e5gon internationell data\u00f6verf\u00f6ring.<\/p>\n\n\n\n<ul class=\"wp-block-list\"><li><strong>R\u00c4TTIGHETER.<\/strong><\/li><\/ul>\n\n\n\n<p>Ber\u00f6rda parter kan n\u00e4r som helst och kostnadsfritt ut\u00f6va sina r\u00e4ttigheter enligt&nbsp;<strong>tillg\u00e5ng, r\u00e4ttelse och radering, samt att beg\u00e4ra begr\u00e4nsning av behandlingen av sina personuppgifter, att inv\u00e4nda mot behandlingen, att beg\u00e4ra portabilitet av sina personuppgifter (om det \u00e4r tekniskt m\u00f6jligt) eller att \u00e5terkalla l\u00e4mnat samtycke.<\/strong>och, i f\u00f6rekommande fall, i till\u00e4mpliga fall<strong>inte bli f\u00f6rem\u00e5l f\u00f6r ett beslut som enbart grundas p\u00e5 automatiserad behandling, inbegripet profilering.<\/strong>&nbsp;<\/p>\n\n\n\n<p>F\u00f6r att g\u00f6ra detta kan du anv\u00e4nda de formul\u00e4r som tillhandah\u00e5lls av organisationen eller skicka ett brev till den postadress eller e-postadress som anges ovan. Ans\u00f6kan m\u00e5ste under alla omst\u00e4ndigheter \u00e5tf\u00f6ljas av en fotokopia av ID-kort eller motsvarande handling f\u00f6r att styrka din identitet.&nbsp;<\/p>\n\n\n\n<p>Om du anser att dina r\u00e4ttigheter avseende skyddet av dina personuppgifter har kr\u00e4nkts, s\u00e4rskilt om du inte har f\u00e5tt dina r\u00e4ttigheter tillgodosedda, kan du l\u00e4mna in ett klagom\u00e5l till den beh\u00f6riga tillsynsmyndigheten f\u00f6r dataskydd.&nbsp;<strong>(Spanska dataskyddsmyndigheten),<\/strong>&nbsp;genom sin webbplats:&nbsp;<a href=\"http:\/\/www.agpd.es\/\">www.agpd.es<\/a>.<\/p>\n\n\n\n<p>I enlighet med best\u00e4mmelserna i artikel 21 i lag 34\/2002 om informationssamh\u00e4llets tj\u00e4nster och elektronisk handel kan du, om du inte vill f\u00e5 mer information om v\u00e5ra tj\u00e4nster, avsluta prenumerationen genom att skicka ett e-postmeddelande till floressueca13@gmail.com, med \u00e4mnesraden&nbsp;&nbsp;<strong>\"<em>LOW\".&nbsp;<\/em><\/strong>eller genom att g\u00f6ra&nbsp;<em>Klicka<\/em>&nbsp;i brevl\u00e5dan *<strong><em>f\u00f6r att avsluta prenumerationen<\/em><\/strong>*.<\/p>\n\n\n\n<ul class=\"wp-block-list\"><li><strong>UPPGIFTERNAS RIKTIGHET.<\/strong><\/li><\/ul>\n\n\n\n<p>Den ber\u00f6rda parten garanterar att de uppgifter som l\u00e4mnas \u00e4r sanna, korrekta, fullst\u00e4ndiga och aktuella och \u00e5tar sig att informera om eventuella \u00e4ndringar av de uppgifter som l\u00e4mnas, genom de kanaler som tillhandah\u00e5lls f\u00f6r detta \u00e4ndam\u00e5l och som anges i punkt 1 i denna policy. Han\/hon ska vara ansvarig f\u00f6r all skada, b\u00e5de direkt och indirekt, som kan orsakas till f\u00f6ljd av att denna skyldighet inte fullg\u00f6rs.<\/p>\n\n\n\n<p>Om anv\u00e4ndaren tillhandah\u00e5ller uppgifter om tredje part, f\u00f6rklarar han\/hon att han\/hon har de ber\u00f6rda parternas samtycke och \u00e5tar sig att f\u00f6rse dem med den information som finns i denna klausul, vilket befriar organisationen fr\u00e5n allt ansvar som uppst\u00e5r till f\u00f6ljd av underl\u00e5tenhet att uppfylla denna skyldighet.<\/p>\n\n\n\n<p>Senast reviderad: 13 JULI 2022<\/p>\n\n\n\n<p><\/p>\n\n\n\n<h1 class=\"wp-block-heading\">Policy f\u00f6r cookies<\/h1>\n\n\n\n<p>Syftet med denna policy \u00e4r att informera ber\u00f6rda parter om de cookies som anv\u00e4nds p\u00e5 denna webbplats i enlighet med best\u00e4mmelserna i lag 34\/2002 av den 11 juli om informationssamh\u00e4llets tj\u00e4nster och elektronisk handel samt Europaparlamentets och r\u00e5dets f\u00f6rordning (EU) 2016\/679 av den 27 april 2016.<\/p>\n\n\n\n<p><strong>1. ANV\u00c4NDNING AV COOKIES. VAD \u00c4R COOKIES?<\/strong><\/p>\n\n\n\n<p>Cookies \u00e4r filer som laddas ner till din dator, smartphone eller surfplatta n\u00e4r du bes\u00f6ker vissa webbplatser. Anv\u00e4ndningen av cookies erbjuder m\u00e5nga f\u00f6rdelar vid tillhandah\u00e5llandet av informationssamh\u00e4llets tj\u00e4nster, bland annat eftersom (a) underl\u00e4ttar anv\u00e4ndarens navigering p\u00e5 webbplatsen; (b) underl\u00e4ttar anv\u00e4ndarens tillg\u00e5ng till de olika tj\u00e4nster som erbjuds p\u00e5 webbplatsen; (c) f\u00f6rhindrar att anv\u00e4ndaren beh\u00f6ver konfigurera om f\u00f6rdefinierade allm\u00e4nna egenskaper varje g\u00e5ng de bes\u00f6ker webbplatsen; (d) bidrar till att f\u00f6rb\u00e4ttra driften och de tj\u00e4nster som tillhandah\u00e5lls via webbplatsen, efter motsvarande analys av den information som erh\u00e5lls genom de installerade kakorna; (e) g\u00f6r det m\u00f6jligt f\u00f6r en webbplats att bland annat lagra och h\u00e4mta information om en anv\u00e4ndares surfvanor eller utrustning och, beroende p\u00e5 vilken information de inneh\u00e5ller och hur de anv\u00e4nder sin utrustning, kan de anv\u00e4ndas f\u00f6r att k\u00e4nna igen anv\u00e4ndaren.<\/p>\n\n\n\n<p>De flesta webbl\u00e4sare accepterar cookies som standard och oberoende av dem kan du till\u00e5ta eller f\u00f6rhindra tillf\u00e4lliga eller lagrade cookies i s\u00e4kerhetsinst\u00e4llningarna.<\/p>\n\n\n\n<p>Observera att f\u00f6r att kunna anv\u00e4nda och f\u00e5 en b\u00e4ttre surfupplevelse m\u00e5ste du ha cookies aktiverade, s\u00e4rskilt de av teknisk natur som \u00e4r n\u00f6dv\u00e4ndiga f\u00f6r att identifiera dig som registrerad anv\u00e4ndare varje g\u00e5ng du bes\u00f6ker denna webbplats.<\/p>\n\n\n\n<p>Om du inte vill ta emot cookies, v\u00e4nligen konfigurera din webbl\u00e4sare s\u00e5 att den raderar dem fr\u00e5n din dators h\u00e5rddisk, blockerar dem eller varnar dig om de installeras.<\/p>\n\n\n\n<p><strong>2. VILKA TYPER AV COOKIES ANV\u00c4NDS P\u00c5 DENNA WEBBPLATS?<\/strong><\/p>\n\n\n\n<p><strong><em>Cookies som anv\u00e4nds p\u00e5 denna webbplats.<\/em><\/strong><\/p>\n\n\n\n<p>I enlighet med riktlinjerna fr\u00e5n den spanska dataskyddsmyndigheten g\u00e5r vi vidare med att beskriva anv\u00e4ndningen av&nbsp;<em>kakor<\/em>&nbsp;som denna webbplats anv\u00e4nder, f\u00f6r att ge dig s\u00e5 mycket information som m\u00f6jligt. &nbsp;<\/p>\n\n\n\n<p><strong><em>\u00c4gander\u00e4ttsligt skyddade cookies:<\/em><\/strong><\/p>\n\n\n\n<p>Dessa \u00e4r s\u00e5dana som skickas till anv\u00e4ndarens terminalutrustning fr\u00e5n en dator eller dom\u00e4n som administreras av utgivaren sj\u00e4lv och fr\u00e5n vilken den tj\u00e4nst som anv\u00e4ndaren beg\u00e4r tillhandah\u00e5lls.<\/p>\n\n\n\n<p><strong><em>Cookies fr\u00e5n tredje part:<\/em><\/strong><\/p>\n\n\n\n<p>Cookies \u00e4r s\u00e5dana som skickas till anv\u00e4ndarens terminalutrustning fr\u00e5n en dator eller dom\u00e4n som inte hanteras av redakt\u00f6ren, utan av en annan enhet som behandlar de uppgifter som erh\u00e5lls genom cookies.<\/p>\n\n\n\n<p>Nedan finns en lista \u00f6ver dem vi anv\u00e4nder:<\/p>\n\n\n\n<figure class=\"wp-block-table is-style-stripes\"><table class=\"has-fixed-layout\"><tbody><tr><td><strong>Namn<\/strong><\/td><td><strong>Typ<\/strong><\/td><td><strong>Leverant\u00f6r<\/strong><\/td><td><strong>Syfte<\/strong><\/td><td><strong>Varaktighet<\/strong><\/td><\/tr><tr><td>Google Analytics:<br>_ga, _gat, _gid.<\/td><td>Analytiska cookies &nbsp;<\/td><td>Google<\/td><td>De anv\u00e4nds f\u00f6r att analysera anv\u00e4ndarens surfupplevelse och g\u00f6r det m\u00f6jligt f\u00f6r oss att f\u00f6rb\u00e4ttra v\u00e5r webbplats s\u00e5 att den anpassas till anv\u00e4ndarens behov. De ligger normalt kvar i anv\u00e4ndarens webbl\u00e4sare under en viss tid, tills kakorna raderas fr\u00e5n webbl\u00e4saren eller den tid som definierats f\u00f6r deras eliminering har l\u00f6pt ut. Mer information om cookies:&nbsp;<a href=\"https:\/\/support.google.com\/analytics\/answer\/6004245?hl=es\">https:\/\/support.google.com\/analytics\/answer\/6004245?hl=es<\/a>.&nbsp;<strong>Opt-out:&nbsp;<\/strong><a href=\"https:\/\/tools.google.com\/dlpage\/gaoptout\" target=\"_blank\" rel=\"noreferrer noopener\">https:\/\/tools.google.com\/dlpage\/gaoptout<\/a><\/td><td>_ga: 2 \u00e5r;<br>gat: sessionens varaktighet;<br>gid: 1 dag.<\/td><\/tr><tr><td>&nbsp;<\/td><td>&nbsp;<\/td><td>&nbsp;<\/td><td>&nbsp;<\/td><td>&nbsp;<\/td><\/tr><\/tbody><\/table><\/figure>\n\n\n\n<p>Fernando Javier Quiroz Aranda (Floristeria Sueca 13) ansvarar inte i n\u00e5got fall varken f\u00f6r inneh\u00e5llet eller f\u00f6r riktigheten i de policyer och\/eller villkor f\u00f6r anv\u00e4ndning och integritet f\u00f6r tredje part som ing\u00e5r, via l\u00e4nkar, i denna policy.<\/p>\n\n\n\n<p><strong>3. SAMTYCKE<\/strong><\/p>\n\n\n\n<p>I f\u00f6rh\u00e5llande till anv\u00e4ndningen av cookies p\u00e5 denna webbplats som beskrivs i f\u00f6reg\u00e5ende avsnitt, godk\u00e4nner och samtycker anv\u00e4ndaren till deras anv\u00e4ndning p\u00e5 f\u00f6ljande s\u00e4tt: N\u00e4r anv\u00e4ndaren bes\u00f6ker v\u00e5r webbsida visas ett meddelande om att cookies anv\u00e4nds, och anv\u00e4ndaren kan acceptera eller avvisa anv\u00e4ndningen av dessa genom att trycka p\u00e5 knappen acceptera\/acceptera alla, hantera sina preferenser genom konfiguration av panelen och\/eller sin webbl\u00e4sare. Om anv\u00e4ndaren inte trycker p\u00e5 knappen Acceptera, inte konfigurerar sin webbl\u00e4sare eller panel och forts\u00e4tter att surfa p\u00e5 Fernando Javier Quiroz Arandas webbplats (Florister\u00eda Sueca 13) och anv\u00e4nda dess tj\u00e4nster, accepterar anv\u00e4ndaren anv\u00e4ndningen av n\u00f6dv\u00e4ndiga cookies p\u00e5 denna webbplats.<\/p>\n\n\n\n<p><strong>4. HUR MAN BLOCKERAR ELLER RADERAR INSTALLERADE COOKIES<\/strong><\/p>\n\n\n\n<p>Du kan till\u00e5ta, blockera eller radera cookies som installeras p\u00e5 din dator genom att konfigurera dina webbl\u00e4saralternativ. Du hittar information om hur du g\u00f6r detta f\u00f6r de vanligaste webbl\u00e4sarna i l\u00e4nkarna nedan:<\/p>\n\n\n\n<p>Explorer:&nbsp;<a href=\"https:\/\/support.microsoft.com\/es-es\/kb\/278835\">https:\/\/support.microsoft.com\/es-es\/kb\/278835<\/a><\/p>\n\n\n\n<p>Microsoft Edge<strong>:&nbsp;<\/strong><a href=\"https:\/\/privacy.microsoft.com\/es-es\/windows-10-microsoft-edge-and-privacy\">https:\/\/privacy.microsoft.com\/es-es\/windows-10-microsoft-edge-and-privacy<\/a><\/p>\n\n\n\n<p>Chrome:<a href=\"http:\/\/support.google.com\/chrome\/bin\/answer.py?hl=es&amp;answer=95647\">https:\/\/support.google.com\/chrome\/answer\/95647?co=GENIE.Platform%3DDesktop&amp;hl=esttp:\/\/support.google.com\/chrome\/bin\/answer.py?hl=es&amp;answer=95647<\/a><\/p>\n\n\n\n<p>Firefox:&nbsp;<a href=\"http:\/\/support.mozilla.org\/es\/kb\/Borrar%20cookies\">http:\/\/support.mozilla.org\/es\/kb\/Borrar%20cookies<\/a><\/p>\n\n\n\n<p>Safari:&nbsp;<a href=\"http:\/\/support.apple.com\/kb\/ph5042\">http:\/\/support.apple.com\/kb\/ph5042<\/a>.<\/p>\n\n\n\n<p>Opera:&nbsp;<a href=\"https:\/\/help.opera.com\/en\/latest\/web-preferences\/#cookies\">https:\/\/help.opera.com\/en\/latest\/web-preferences\/#cookies<\/a><\/p>\n\n\n\n<p>Vi informerar dig dock om m\u00f6jligheten att avaktivering av en cookie kan f\u00f6rhindra eller f\u00f6rsv\u00e5ra surfning eller tillhandah\u00e5llande av de tj\u00e4nster som erbjuds p\u00e5 webbplatsen.<\/p>\n\n\n\n<p><strong>4. MODIFIKATIONER<\/strong><\/p>\n\n\n\n<p>Denna cookiepolicy kan komma att \u00e4ndras i enlighet med de r\u00e4ttsliga krav som fastst\u00e4llts eller f\u00f6r att anpassa denna policy till de instruktioner som utf\u00e4rdats av den spanska dataskyddsmyndigheten.<\/p>\n\n\n\n<p>Av denna anledning rekommenderar vi anv\u00e4ndare att regelbundet bes\u00f6ka v\u00e5r cookiepolicy.<\/p>\n\n\n\n<p>N\u00e4r det sker betydande \u00e4ndringar i denna policy kommer vi, s\u00e5 l\u00e5ngt det \u00e4r m\u00f6jligt, att meddela anv\u00e4ndarna om dessa \u00e4ndringar genom att publicera ett meddelande p\u00e5 v\u00e5r webbplats.<\/p>\n\n\n\n<p>Om du har n\u00e5gra tvivel om denna cookiepolicy kan du kontakta Fernando Javier Quiroz Aranda (Florister\u00eda Sueca 13) p\u00e5 f\u00f6ljande e-postadress: floressueca13@gmail.com<\/p>\n\n\n\n<p>Senaste \u00f6versyn: 13 juli 2022<\/p>\n\n\n\n<p><\/p>\n\n\n\n<p><\/p>","protected":false},"excerpt":{"rendered":"<p>POL\u00cdTICA DE PRIVACIDAD. El objetivo de esta&nbsp;pol\u00edtica es informar a los interesados acerca de los distintos tratamientos realizados por esta organizaci\u00f3n mediante la p\u00e1gina web y que afecten a sus datos personales de conformidad con lo establecido en la Ley Org\u00e1nica 3\/2018, de 5 de diciembre, de Protecci\u00f3n de Datos Personales y garant\u00eda de los &#8230; <a title=\"Integritetspolicy\" class=\"read-more\" href=\"https:\/\/sueca13flores.com\/sv\/policy-for-skydd-av-privatlivet\/\" aria-label=\"L\u00e4s mer om Pol\u00edtica de privacidad\">L\u00e4s mer<\/a><\/p>","protected":false},"author":1,"featured_media":0,"parent":0,"menu_order":0,"comment_status":"closed","ping_status":"closed","template":"","meta":{"footnotes":""},"class_list":["post-3","page","type-page","status-publish"],"_links":{"self":[{"href":"https:\/\/sueca13flores.com\/sv\/wp-json\/wp\/v2\/pages\/3","targetHints":{"allow":["GET"]}}],"collection":[{"href":"https:\/\/sueca13flores.com\/sv\/wp-json\/wp\/v2\/pages"}],"about":[{"href":"https:\/\/sueca13flores.com\/sv\/wp-json\/wp\/v2\/types\/page"}],"author":[{"embeddable":true,"href":"https:\/\/sueca13flores.com\/sv\/wp-json\/wp\/v2\/users\/1"}],"replies":[{"embeddable":true,"href":"https:\/\/sueca13flores.com\/sv\/wp-json\/wp\/v2\/comments?post=3"}],"version-history":[{"count":5,"href":"https:\/\/sueca13flores.com\/sv\/wp-json\/wp\/v2\/pages\/3\/revisions"}],"predecessor-version":[{"id":551,"href":"https:\/\/sueca13flores.com\/sv\/wp-json\/wp\/v2\/pages\/3\/revisions\/551"}],"wp:attachment":[{"href":"https:\/\/sueca13flores.com\/sv\/wp-json\/wp\/v2\/media?parent=3"}],"curies":[{"name":"wp","href":"https:\/\/api.w.org\/{rel}","templated":true}]}}